{"id":7753,"date":"2025-08-06T10:14:38","date_gmt":"2025-08-06T08:14:38","guid":{"rendered":"https:\/\/almieres.com\/?page_id=7753"},"modified":"2026-03-16T15:40:51","modified_gmt":"2026-03-16T14:40:51","slug":"presse","status":"publish","type":"page","link":"https:\/\/almieres.com\/fr_fr\/presse\/","title":{"rendered":"Presse"},"content":{"rendered":"\t\t<div data-elementor-type=\"wp-page\" data-elementor-id=\"7753\" class=\"elementor elementor-7753\">\n\t\t\t\t\t\t<section class=\"elementor-section elementor-top-section elementor-element elementor-element-1fe10c1 elementor-section-boxed elementor-section-height-default elementor-section-height-default\" data-id=\"1fe10c1\" data-element_type=\"section\" data-settings=\"{&quot;background_background&quot;:&quot;classic&quot;}\">\n\t\t\t\t\t\t\t<div class=\"elementor-background-overlay\"><\/div>\n\t\t\t\t\t\t\t<div class=\"elementor-container elementor-column-gap-default\">\n\t\t\t\t\t<div class=\"elementor-column elementor-col-100 elementor-top-column elementor-element elementor-element-7519c48\" data-id=\"7519c48\" data-element_type=\"column\">\n\t\t\t<div class=\"elementor-widget-wrap elementor-element-populated\">\n\t\t\t\t\t\t<div class=\"elementor-element elementor-element-27c8d09 elementor-widget elementor-widget-heading\" data-id=\"27c8d09\" data-element_type=\"widget\" data-widget_type=\"heading.default\">\n\t\t\t\t<div class=\"elementor-widget-container\">\n\t\t\t\t\t<h2 class=\"elementor-heading-title elementor-size-default\">La presse en parle...<\/h2>\t\t\t\t<\/div>\n\t\t\t\t<\/div>\n\t\t\t\t<div class=\"elementor-element elementor-element-41ffbe2 elementor-widget-divider--view-line elementor-widget elementor-widget-divider\" data-id=\"41ffbe2\" data-element_type=\"widget\" data-widget_type=\"divider.default\">\n\t\t\t\t<div class=\"elementor-widget-container\">\n\t\t\t\t\t\t\t<div class=\"elementor-divider\">\n\t\t\t<span class=\"elementor-divider-separator\">\n\t\t\t\t\t\t<\/span>\n\t\t<\/div>\n\t\t\t\t\t\t<\/div>\n\t\t\t\t<\/div>\n\t\t\t\t\t<\/div>\n\t\t<\/div>\n\t\t\t\t\t<\/div>\n\t\t<\/section>\n\t\t\t\t<section class=\"elementor-section elementor-top-section elementor-element elementor-element-0232e55 elementor-section-boxed elementor-section-height-default elementor-section-height-default\" data-id=\"0232e55\" data-element_type=\"section\" data-settings=\"{&quot;background_background&quot;:&quot;classic&quot;}\">\n\t\t\t\t\t\t\t<div class=\"elementor-background-overlay\"><\/div>\n\t\t\t\t\t\t\t<div class=\"elementor-container elementor-column-gap-default\">\n\t\t\t\t\t<div class=\"elementor-column elementor-col-100 elementor-top-column elementor-element elementor-element-5c312e1\" data-id=\"5c312e1\" data-element_type=\"column\">\n\t\t\t<div class=\"elementor-widget-wrap elementor-element-populated\">\n\t\t\t\t\t\t<section class=\"elementor-section elementor-inner-section elementor-element elementor-element-51b6d09 elementor-section-boxed elementor-section-height-default elementor-section-height-default\" data-id=\"51b6d09\" data-element_type=\"section\">\n\t\t\t\t\t\t<div class=\"elementor-container elementor-column-gap-default\">\n\t\t\t\t\t<div class=\"elementor-column elementor-col-33 elementor-inner-column elementor-element elementor-element-f34743b\" data-id=\"f34743b\" data-element_type=\"column\">\n\t\t\t<div class=\"elementor-widget-wrap elementor-element-populated\">\n\t\t\t\t\t\t<div class=\"elementor-element elementor-element-3f1408d elementor-widget elementor-widget-image\" data-id=\"3f1408d\" data-element_type=\"widget\" data-widget_type=\"image.default\">\n\t\t\t\t<div class=\"elementor-widget-container\">\n\t\t\t\t\t\t\t\t\t\t\t\t\t\t\t\t<a href=\"https:\/\/www.ad-magazin.de\/artikel\/yoga-retreat-suedfrankreich-almieres\" target=\"_blank\">\n\t\t\t\t\t\t\t<img fetchpriority=\"high\" decoding=\"async\" width=\"400\" height=\"400\" src=\"https:\/\/almieres.com\/wp-content\/uploads\/2025\/08\/AD-Allemagne-presse-yoga-retreat.png\" class=\"attachment-large size-large wp-image-7821\" alt=\"\" srcset=\"https:\/\/almieres.com\/wp-content\/uploads\/2025\/08\/AD-Allemagne-presse-yoga-retreat.png 400w, https:\/\/almieres.com\/wp-content\/uploads\/2025\/08\/AD-Allemagne-presse-yoga-retreat-300x300.png 300w, https:\/\/almieres.com\/wp-content\/uploads\/2025\/08\/AD-Allemagne-presse-yoga-retreat-150x150.png 150w, https:\/\/almieres.com\/wp-content\/uploads\/2025\/08\/AD-Allemagne-presse-yoga-retreat-12x12.png 12w, https:\/\/almieres.com\/wp-content\/uploads\/2025\/08\/AD-Allemagne-presse-yoga-retreat-230x230.png 230w, https:\/\/almieres.com\/wp-content\/uploads\/2025\/08\/AD-Allemagne-presse-yoga-retreat-350x350.png 350w\" sizes=\"(max-width: 400px) 100vw, 400px\" \/>\t\t\t\t\t\t\t\t<\/a>\n\t\t\t\t\t\t\t\t\t\t\t\t\t\t\t<\/div>\n\t\t\t\t<\/div>\n\t\t\t\t\t<\/div>\n\t\t<\/div>\n\t\t\t\t<div class=\"elementor-column elementor-col-33 elementor-inner-column elementor-element elementor-element-f9532ae\" data-id=\"f9532ae\" data-element_type=\"column\">\n\t\t\t<div class=\"elementor-widget-wrap elementor-element-populated\">\n\t\t\t\t\t\t<div class=\"elementor-element elementor-element-a894ec4 elementor-widget elementor-widget-image\" data-id=\"a894ec4\" data-element_type=\"widget\" data-widget_type=\"image.default\">\n\t\t\t\t<div class=\"elementor-widget-container\">\n\t\t\t\t\t\t\t\t\t\t\t\t\t\t\t\t<a href=\"https:\/\/hoteletlodge.fr\/hotel\/room-number-grand-litier\/almieres-retreat-parenthese-de-vie-en-lorzere\/\" target=\"_blank\">\n\t\t\t\t\t\t\t<img decoding=\"async\" width=\"400\" height=\"400\" src=\"https:\/\/almieres.com\/wp-content\/uploads\/2025\/08\/HotelLodge-presse-yoga-retreat.png\" class=\"attachment-large size-large wp-image-7797\" alt=\"\" srcset=\"https:\/\/almieres.com\/wp-content\/uploads\/2025\/08\/HotelLodge-presse-yoga-retreat.png 400w, https:\/\/almieres.com\/wp-content\/uploads\/2025\/08\/HotelLodge-presse-yoga-retreat-300x300.png 300w, https:\/\/almieres.com\/wp-content\/uploads\/2025\/08\/HotelLodge-presse-yoga-retreat-150x150.png 150w, https:\/\/almieres.com\/wp-content\/uploads\/2025\/08\/HotelLodge-presse-yoga-retreat-12x12.png 12w, https:\/\/almieres.com\/wp-content\/uploads\/2025\/08\/HotelLodge-presse-yoga-retreat-230x230.png 230w, https:\/\/almieres.com\/wp-content\/uploads\/2025\/08\/HotelLodge-presse-yoga-retreat-350x350.png 350w\" sizes=\"(max-width: 400px) 100vw, 400px\" \/>\t\t\t\t\t\t\t\t<\/a>\n\t\t\t\t\t\t\t\t\t\t\t\t\t\t\t<\/div>\n\t\t\t\t<\/div>\n\t\t\t\t\t<\/div>\n\t\t<\/div>\n\t\t\t\t<div class=\"elementor-column elementor-col-33 elementor-inner-column elementor-element elementor-element-970b549\" data-id=\"970b549\" data-element_type=\"column\">\n\t\t\t<div class=\"elementor-widget-wrap elementor-element-populated\">\n\t\t\t\t\t\t<div class=\"elementor-element elementor-element-95060c9 elementor-widget elementor-widget-image\" data-id=\"95060c9\" data-element_type=\"widget\" data-widget_type=\"image.default\">\n\t\t\t\t<div class=\"elementor-widget-container\">\n\t\t\t\t\t\t\t\t\t\t\t\t\t\t\t\t<a href=\"https:\/\/www.lefigaro.fr\/voyages\/deux-retraites-inedites-pour-retrouver-son-souffle-20210607\" target=\"_blank\">\n\t\t\t\t\t\t\t<img decoding=\"async\" width=\"400\" height=\"400\" src=\"https:\/\/almieres.com\/wp-content\/uploads\/2025\/08\/Le-Figaro-presse-yoga-retreat.png\" class=\"attachment-large size-large wp-image-7794\" alt=\"\" srcset=\"https:\/\/almieres.com\/wp-content\/uploads\/2025\/08\/Le-Figaro-presse-yoga-retreat.png 400w, https:\/\/almieres.com\/wp-content\/uploads\/2025\/08\/Le-Figaro-presse-yoga-retreat-300x300.png 300w, https:\/\/almieres.com\/wp-content\/uploads\/2025\/08\/Le-Figaro-presse-yoga-retreat-150x150.png 150w, https:\/\/almieres.com\/wp-content\/uploads\/2025\/08\/Le-Figaro-presse-yoga-retreat-12x12.png 12w, https:\/\/almieres.com\/wp-content\/uploads\/2025\/08\/Le-Figaro-presse-yoga-retreat-230x230.png 230w, https:\/\/almieres.com\/wp-content\/uploads\/2025\/08\/Le-Figaro-presse-yoga-retreat-350x350.png 350w\" sizes=\"(max-width: 400px) 100vw, 400px\" \/>\t\t\t\t\t\t\t\t<\/a>\n\t\t\t\t\t\t\t\t\t\t\t\t\t\t\t<\/div>\n\t\t\t\t<\/div>\n\t\t\t\t\t<\/div>\n\t\t<\/div>\n\t\t\t\t\t<\/div>\n\t\t<\/section>\n\t\t\t\t<section class=\"elementor-section elementor-inner-section elementor-element elementor-element-47f7524 elementor-section-boxed elementor-section-height-default elementor-section-height-default\" data-id=\"47f7524\" data-element_type=\"section\">\n\t\t\t\t\t\t<div class=\"elementor-container elementor-column-gap-default\">\n\t\t\t\t\t<div class=\"elementor-column elementor-col-33 elementor-inner-column elementor-element elementor-element-257f5a2\" data-id=\"257f5a2\" data-element_type=\"column\">\n\t\t\t<div class=\"elementor-widget-wrap elementor-element-populated\">\n\t\t\t\t\t\t<div class=\"elementor-element elementor-element-7ebce38 elementor-widget elementor-widget-image\" data-id=\"7ebce38\" data-element_type=\"widget\" data-widget_type=\"image.default\">\n\t\t\t\t<div class=\"elementor-widget-container\">\n\t\t\t\t\t\t\t\t\t\t\t\t\t\t\t\t<a href=\"https:\/\/almieres.com\/document\/cote%20sud%202022.pdf\" target=\"_blank\">\n\t\t\t\t\t\t\t<img loading=\"lazy\" decoding=\"async\" width=\"400\" height=\"400\" src=\"https:\/\/almieres.com\/wp-content\/uploads\/2025\/08\/CoteSud-presse-yoga-retreat.png\" class=\"attachment-large size-large wp-image-7799\" alt=\"\" srcset=\"https:\/\/almieres.com\/wp-content\/uploads\/2025\/08\/CoteSud-presse-yoga-retreat.png 400w, https:\/\/almieres.com\/wp-content\/uploads\/2025\/08\/CoteSud-presse-yoga-retreat-300x300.png 300w, https:\/\/almieres.com\/wp-content\/uploads\/2025\/08\/CoteSud-presse-yoga-retreat-150x150.png 150w, https:\/\/almieres.com\/wp-content\/uploads\/2025\/08\/CoteSud-presse-yoga-retreat-12x12.png 12w, https:\/\/almieres.com\/wp-content\/uploads\/2025\/08\/CoteSud-presse-yoga-retreat-230x230.png 230w, https:\/\/almieres.com\/wp-content\/uploads\/2025\/08\/CoteSud-presse-yoga-retreat-350x350.png 350w\" sizes=\"(max-width: 400px) 100vw, 400px\" \/>\t\t\t\t\t\t\t\t<\/a>\n\t\t\t\t\t\t\t\t\t\t\t\t\t\t\t<\/div>\n\t\t\t\t<\/div>\n\t\t\t\t\t<\/div>\n\t\t<\/div>\n\t\t\t\t<div class=\"elementor-column elementor-col-33 elementor-inner-column elementor-element elementor-element-8d7dc83\" data-id=\"8d7dc83\" data-element_type=\"column\">\n\t\t\t<div class=\"elementor-widget-wrap elementor-element-populated\">\n\t\t\t\t\t\t<div class=\"elementor-element elementor-element-63736a4 elementor-widget elementor-widget-image\" data-id=\"63736a4\" data-element_type=\"widget\" data-widget_type=\"image.default\">\n\t\t\t\t<div class=\"elementor-widget-container\">\n\t\t\t\t\t\t\t\t\t\t\t\t\t\t\t\t<a href=\"https:\/\/almieres.com\/document\/Marie-claire-maison-edition-sud_3pages.pdf\" target=\"_blank\">\n\t\t\t\t\t\t\t<img loading=\"lazy\" decoding=\"async\" width=\"400\" height=\"400\" src=\"https:\/\/almieres.com\/wp-content\/uploads\/2025\/09\/MArie-Claire-maison-edition-sud.png\" class=\"attachment-large size-large wp-image-8021\" alt=\"\" srcset=\"https:\/\/almieres.com\/wp-content\/uploads\/2025\/09\/MArie-Claire-maison-edition-sud.png 400w, https:\/\/almieres.com\/wp-content\/uploads\/2025\/09\/MArie-Claire-maison-edition-sud-300x300.png 300w, https:\/\/almieres.com\/wp-content\/uploads\/2025\/09\/MArie-Claire-maison-edition-sud-150x150.png 150w, https:\/\/almieres.com\/wp-content\/uploads\/2025\/09\/MArie-Claire-maison-edition-sud-12x12.png 12w, https:\/\/almieres.com\/wp-content\/uploads\/2025\/09\/MArie-Claire-maison-edition-sud-230x230.png 230w, https:\/\/almieres.com\/wp-content\/uploads\/2025\/09\/MArie-Claire-maison-edition-sud-350x350.png 350w\" sizes=\"(max-width: 400px) 100vw, 400px\" \/>\t\t\t\t\t\t\t\t<\/a>\n\t\t\t\t\t\t\t\t\t\t\t\t\t\t\t<\/div>\n\t\t\t\t<\/div>\n\t\t\t\t\t<\/div>\n\t\t<\/div>\n\t\t\t\t<div class=\"elementor-column elementor-col-33 elementor-inner-column elementor-element elementor-element-da476b8\" data-id=\"da476b8\" data-element_type=\"column\">\n\t\t\t<div class=\"elementor-widget-wrap elementor-element-populated\">\n\t\t\t\t\t\t<div class=\"elementor-element elementor-element-ec00d93 elementor-widget elementor-widget-image\" data-id=\"ec00d93\" data-element_type=\"widget\" data-widget_type=\"image.default\">\n\t\t\t\t<div class=\"elementor-widget-container\">\n\t\t\t\t\t\t\t\t\t\t\t\t\t\t\t\t<a href=\"https:\/\/www.yonder.fr\/hotels\/openings\/almieres-retreat-une-autre-idee-du-luxe-en-lozere\" target=\"_blank\">\n\t\t\t\t\t\t\t<img loading=\"lazy\" decoding=\"async\" width=\"400\" height=\"400\" src=\"https:\/\/almieres.com\/wp-content\/uploads\/2025\/08\/Yonder-presse-yoga-retreat.png\" class=\"attachment-large size-large wp-image-7811\" alt=\"\" srcset=\"https:\/\/almieres.com\/wp-content\/uploads\/2025\/08\/Yonder-presse-yoga-retreat.png 400w, https:\/\/almieres.com\/wp-content\/uploads\/2025\/08\/Yonder-presse-yoga-retreat-300x300.png 300w, https:\/\/almieres.com\/wp-content\/uploads\/2025\/08\/Yonder-presse-yoga-retreat-150x150.png 150w, https:\/\/almieres.com\/wp-content\/uploads\/2025\/08\/Yonder-presse-yoga-retreat-12x12.png 12w, https:\/\/almieres.com\/wp-content\/uploads\/2025\/08\/Yonder-presse-yoga-retreat-230x230.png 230w, https:\/\/almieres.com\/wp-content\/uploads\/2025\/08\/Yonder-presse-yoga-retreat-350x350.png 350w\" sizes=\"(max-width: 400px) 100vw, 400px\" \/>\t\t\t\t\t\t\t\t<\/a>\n\t\t\t\t\t\t\t\t\t\t\t\t\t\t\t<\/div>\n\t\t\t\t<\/div>\n\t\t\t\t\t<\/div>\n\t\t<\/div>\n\t\t\t\t\t<\/div>\n\t\t<\/section>\n\t\t\t\t<section class=\"elementor-section elementor-inner-section elementor-element elementor-element-162c748 elementor-section-boxed elementor-section-height-default elementor-section-height-default\" data-id=\"162c748\" data-element_type=\"section\">\n\t\t\t\t\t\t<div class=\"elementor-container elementor-column-gap-default\">\n\t\t\t\t\t<div class=\"elementor-column elementor-col-33 elementor-inner-column elementor-element elementor-element-5af84e1\" data-id=\"5af84e1\" data-element_type=\"column\">\n\t\t\t<div class=\"elementor-widget-wrap elementor-element-populated\">\n\t\t\t\t\t\t<div class=\"elementor-element elementor-element-c50e2ba elementor-widget elementor-widget-image\" data-id=\"c50e2ba\" data-element_type=\"widget\" data-widget_type=\"image.default\">\n\t\t\t\t<div class=\"elementor-widget-container\">\n\t\t\t\t\t\t\t\t\t\t\t\t\t\t\t\t<a href=\"https:\/\/voyagericietailleurs.fr\/almieres-retreat\/\" target=\"_blank\">\n\t\t\t\t\t\t\t<img loading=\"lazy\" decoding=\"async\" width=\"400\" height=\"400\" src=\"https:\/\/almieres.com\/wp-content\/uploads\/2025\/08\/voyagerIciEtAilleurs-presse-yoga-retreat.png\" class=\"attachment-large size-large wp-image-7800\" alt=\"\" srcset=\"https:\/\/almieres.com\/wp-content\/uploads\/2025\/08\/voyagerIciEtAilleurs-presse-yoga-retreat.png 400w, https:\/\/almieres.com\/wp-content\/uploads\/2025\/08\/voyagerIciEtAilleurs-presse-yoga-retreat-300x300.png 300w, https:\/\/almieres.com\/wp-content\/uploads\/2025\/08\/voyagerIciEtAilleurs-presse-yoga-retreat-150x150.png 150w, https:\/\/almieres.com\/wp-content\/uploads\/2025\/08\/voyagerIciEtAilleurs-presse-yoga-retreat-12x12.png 12w, https:\/\/almieres.com\/wp-content\/uploads\/2025\/08\/voyagerIciEtAilleurs-presse-yoga-retreat-230x230.png 230w, https:\/\/almieres.com\/wp-content\/uploads\/2025\/08\/voyagerIciEtAilleurs-presse-yoga-retreat-350x350.png 350w\" sizes=\"(max-width: 400px) 100vw, 400px\" \/>\t\t\t\t\t\t\t\t<\/a>\n\t\t\t\t\t\t\t\t\t\t\t\t\t\t\t<\/div>\n\t\t\t\t<\/div>\n\t\t\t\t\t<\/div>\n\t\t<\/div>\n\t\t\t\t<div class=\"elementor-column elementor-col-33 elementor-inner-column elementor-element elementor-element-40ff5ee\" data-id=\"40ff5ee\" data-element_type=\"column\">\n\t\t\t<div class=\"elementor-widget-wrap elementor-element-populated\">\n\t\t\t\t\t\t<div class=\"elementor-element elementor-element-e620cc2 elementor-widget elementor-widget-image\" data-id=\"e620cc2\" data-element_type=\"widget\" data-widget_type=\"image.default\">\n\t\t\t\t<div class=\"elementor-widget-container\">\n\t\t\t\t\t\t\t\t\t\t\t\t\t\t\t\t<a href=\"https:\/\/www.ad-italia.it\/gallery\/almieres-retreat-rifugio-anima-wellness-design\/\" target=\"_blank\">\n\t\t\t\t\t\t\t<img loading=\"lazy\" decoding=\"async\" width=\"400\" height=\"400\" src=\"https:\/\/almieres.com\/wp-content\/uploads\/2025\/08\/AD-Italie-presse-yoga-retreat.png\" class=\"attachment-large size-large wp-image-7822\" alt=\"\" srcset=\"https:\/\/almieres.com\/wp-content\/uploads\/2025\/08\/AD-Italie-presse-yoga-retreat.png 400w, https:\/\/almieres.com\/wp-content\/uploads\/2025\/08\/AD-Italie-presse-yoga-retreat-300x300.png 300w, https:\/\/almieres.com\/wp-content\/uploads\/2025\/08\/AD-Italie-presse-yoga-retreat-150x150.png 150w, https:\/\/almieres.com\/wp-content\/uploads\/2025\/08\/AD-Italie-presse-yoga-retreat-12x12.png 12w, https:\/\/almieres.com\/wp-content\/uploads\/2025\/08\/AD-Italie-presse-yoga-retreat-230x230.png 230w, https:\/\/almieres.com\/wp-content\/uploads\/2025\/08\/AD-Italie-presse-yoga-retreat-350x350.png 350w\" sizes=\"(max-width: 400px) 100vw, 400px\" \/>\t\t\t\t\t\t\t\t<\/a>\n\t\t\t\t\t\t\t\t\t\t\t\t\t\t\t<\/div>\n\t\t\t\t<\/div>\n\t\t\t\t\t<\/div>\n\t\t<\/div>\n\t\t\t\t<div class=\"elementor-column elementor-col-33 elementor-inner-column elementor-element elementor-element-f22043f\" data-id=\"f22043f\" data-element_type=\"column\">\n\t\t\t<div class=\"elementor-widget-wrap elementor-element-populated\">\n\t\t\t\t\t\t<div class=\"elementor-element elementor-element-cb0b756 elementor-widget elementor-widget-image\" data-id=\"cb0b756\" data-element_type=\"widget\" data-widget_type=\"image.default\">\n\t\t\t\t<div class=\"elementor-widget-container\">\n\t\t\t\t\t\t\t\t\t\t\t\t\t\t\t\t<a href=\"https:\/\/almieres.com\/\/document\/Elle-Deco-Belgium.pdf\" target=\"_blank\">\n\t\t\t\t\t\t\t<img loading=\"lazy\" decoding=\"async\" width=\"400\" height=\"400\" src=\"https:\/\/almieres.com\/wp-content\/uploads\/2026\/03\/Elle-decoration-Belgique.png\" class=\"attachment-large size-large wp-image-8990\" alt=\"\" srcset=\"https:\/\/almieres.com\/wp-content\/uploads\/2026\/03\/Elle-decoration-Belgique.png 400w, https:\/\/almieres.com\/wp-content\/uploads\/2026\/03\/Elle-decoration-Belgique-300x300.png 300w, https:\/\/almieres.com\/wp-content\/uploads\/2026\/03\/Elle-decoration-Belgique-150x150.png 150w, https:\/\/almieres.com\/wp-content\/uploads\/2026\/03\/Elle-decoration-Belgique-12x12.png 12w, https:\/\/almieres.com\/wp-content\/uploads\/2026\/03\/Elle-decoration-Belgique-230x230.png 230w, https:\/\/almieres.com\/wp-content\/uploads\/2026\/03\/Elle-decoration-Belgique-350x350.png 350w\" sizes=\"(max-width: 400px) 100vw, 400px\" \/>\t\t\t\t\t\t\t\t<\/a>\n\t\t\t\t\t\t\t\t\t\t\t\t\t\t\t<\/div>\n\t\t\t\t<\/div>\n\t\t\t\t\t<\/div>\n\t\t<\/div>\n\t\t\t\t\t<\/div>\n\t\t<\/section>\n\t\t\t\t<section class=\"elementor-section elementor-inner-section elementor-element elementor-element-4f26194 elementor-section-boxed elementor-section-height-default elementor-section-height-default\" data-id=\"4f26194\" data-element_type=\"section\">\n\t\t\t\t\t\t<div class=\"elementor-container elementor-column-gap-default\">\n\t\t\t\t\t<div class=\"elementor-column elementor-col-33 elementor-inner-column elementor-element elementor-element-f817cb0\" data-id=\"f817cb0\" data-element_type=\"column\">\n\t\t\t<div class=\"elementor-widget-wrap elementor-element-populated\">\n\t\t\t\t\t\t<div class=\"elementor-element elementor-element-d9cb5b7 elementor-widget elementor-widget-image\" data-id=\"d9cb5b7\" data-element_type=\"widget\" data-widget_type=\"image.default\">\n\t\t\t\t<div class=\"elementor-widget-container\">\n\t\t\t\t\t\t\t\t\t\t\t\t\t\t\t\t<a href=\"https:\/\/www.elledecor.com\/it\/viaggi\/a42530037\/almieres-retreat-rifugio-tarn\/\" target=\"_blank\">\n\t\t\t\t\t\t\t<img loading=\"lazy\" decoding=\"async\" width=\"400\" height=\"400\" src=\"https:\/\/almieres.com\/wp-content\/uploads\/2025\/08\/Elle-Decor-presse-yoga-retreat.png\" class=\"attachment-large size-large wp-image-7793\" alt=\"\" srcset=\"https:\/\/almieres.com\/wp-content\/uploads\/2025\/08\/Elle-Decor-presse-yoga-retreat.png 400w, https:\/\/almieres.com\/wp-content\/uploads\/2025\/08\/Elle-Decor-presse-yoga-retreat-300x300.png 300w, https:\/\/almieres.com\/wp-content\/uploads\/2025\/08\/Elle-Decor-presse-yoga-retreat-150x150.png 150w, https:\/\/almieres.com\/wp-content\/uploads\/2025\/08\/Elle-Decor-presse-yoga-retreat-12x12.png 12w, https:\/\/almieres.com\/wp-content\/uploads\/2025\/08\/Elle-Decor-presse-yoga-retreat-230x230.png 230w, https:\/\/almieres.com\/wp-content\/uploads\/2025\/08\/Elle-Decor-presse-yoga-retreat-350x350.png 350w\" sizes=\"(max-width: 400px) 100vw, 400px\" \/>\t\t\t\t\t\t\t\t<\/a>\n\t\t\t\t\t\t\t\t\t\t\t\t\t\t\t<\/div>\n\t\t\t\t<\/div>\n\t\t\t\t\t<\/div>\n\t\t<\/div>\n\t\t\t\t<div class=\"elementor-column elementor-col-33 elementor-inner-column elementor-element elementor-element-4253ef2\" data-id=\"4253ef2\" data-element_type=\"column\">\n\t\t\t<div class=\"elementor-widget-wrap elementor-element-populated\">\n\t\t\t\t\t\t<div class=\"elementor-element elementor-element-97c9e62 elementor-widget elementor-widget-image\" data-id=\"97c9e62\" data-element_type=\"widget\" data-widget_type=\"image.default\">\n\t\t\t\t<div class=\"elementor-widget-container\">\n\t\t\t\t\t\t\t\t\t\t\t\t\t\t\t\t<a href=\"https:\/\/almieres.com\/document\/almieres-retreat-France-Paris-Match.pdf\" target=\"_blank\">\n\t\t\t\t\t\t\t<img loading=\"lazy\" decoding=\"async\" width=\"400\" height=\"400\" src=\"https:\/\/almieres.com\/wp-content\/uploads\/2025\/10\/paris-match.png\" class=\"attachment-large size-large wp-image-8709\" alt=\"\" srcset=\"https:\/\/almieres.com\/wp-content\/uploads\/2025\/10\/paris-match.png 400w, https:\/\/almieres.com\/wp-content\/uploads\/2025\/10\/paris-match-300x300.png 300w, https:\/\/almieres.com\/wp-content\/uploads\/2025\/10\/paris-match-150x150.png 150w, https:\/\/almieres.com\/wp-content\/uploads\/2025\/10\/paris-match-12x12.png 12w, https:\/\/almieres.com\/wp-content\/uploads\/2025\/10\/paris-match-230x230.png 230w, https:\/\/almieres.com\/wp-content\/uploads\/2025\/10\/paris-match-350x350.png 350w\" sizes=\"(max-width: 400px) 100vw, 400px\" \/>\t\t\t\t\t\t\t\t<\/a>\n\t\t\t\t\t\t\t\t\t\t\t\t\t\t\t<\/div>\n\t\t\t\t<\/div>\n\t\t\t\t\t<\/div>\n\t\t<\/div>\n\t\t\t\t<div class=\"elementor-column elementor-col-33 elementor-inner-column elementor-element elementor-element-531c893\" data-id=\"531c893\" data-element_type=\"column\">\n\t\t\t<div class=\"elementor-widget-wrap elementor-element-populated\">\n\t\t\t\t\t\t<div class=\"elementor-element elementor-element-8f0b0fe elementor-widget elementor-widget-image\" data-id=\"8f0b0fe\" data-element_type=\"widget\" data-widget_type=\"image.default\">\n\t\t\t\t<div class=\"elementor-widget-container\">\n\t\t\t\t\t\t\t\t\t\t\t\t\t\t\t\t<a href=\"https:\/\/www.revistaad.es\/decoracion\/casas-ad\/articulos\/almieres-retreat-retiro-espiritual-sur-francia\" target=\"_blank\">\n\t\t\t\t\t\t\t<img loading=\"lazy\" decoding=\"async\" width=\"400\" height=\"400\" src=\"https:\/\/almieres.com\/wp-content\/uploads\/2025\/08\/AD-Espagne-presse-yoga-retreat.png\" class=\"attachment-large size-large wp-image-7895\" alt=\"\" srcset=\"https:\/\/almieres.com\/wp-content\/uploads\/2025\/08\/AD-Espagne-presse-yoga-retreat.png 400w, https:\/\/almieres.com\/wp-content\/uploads\/2025\/08\/AD-Espagne-presse-yoga-retreat-300x300.png 300w, https:\/\/almieres.com\/wp-content\/uploads\/2025\/08\/AD-Espagne-presse-yoga-retreat-150x150.png 150w, https:\/\/almieres.com\/wp-content\/uploads\/2025\/08\/AD-Espagne-presse-yoga-retreat-12x12.png 12w, https:\/\/almieres.com\/wp-content\/uploads\/2025\/08\/AD-Espagne-presse-yoga-retreat-230x230.png 230w, https:\/\/almieres.com\/wp-content\/uploads\/2025\/08\/AD-Espagne-presse-yoga-retreat-350x350.png 350w\" sizes=\"(max-width: 400px) 100vw, 400px\" \/>\t\t\t\t\t\t\t\t<\/a>\n\t\t\t\t\t\t\t\t\t\t\t\t\t\t\t<\/div>\n\t\t\t\t<\/div>\n\t\t\t\t\t<\/div>\n\t\t<\/div>\n\t\t\t\t\t<\/div>\n\t\t<\/section>\n\t\t\t\t<section class=\"elementor-section elementor-inner-section elementor-element elementor-element-897925a elementor-section-boxed elementor-section-height-default elementor-section-height-default\" data-id=\"897925a\" data-element_type=\"section\">\n\t\t\t\t\t\t<div class=\"elementor-container elementor-column-gap-default\">\n\t\t\t\t\t<div class=\"elementor-column elementor-col-33 elementor-inner-column elementor-element elementor-element-6a38fde\" data-id=\"6a38fde\" data-element_type=\"column\">\n\t\t\t<div class=\"elementor-widget-wrap elementor-element-populated\">\n\t\t\t\t\t\t<div class=\"elementor-element elementor-element-74c7204 elementor-widget elementor-widget-image\" data-id=\"74c7204\" data-element_type=\"widget\" data-widget_type=\"image.default\">\n\t\t\t\t<div class=\"elementor-widget-container\">\n\t\t\t\t\t\t\t\t\t\t\t\t\t\t\t\t<a href=\"https:\/\/www.focus-magazine.com\/2025\/03\/26\/almieres-retreat-une-promesse-de-deconnexion-absolue\/\" target=\"_blank\">\n\t\t\t\t\t\t\t<img loading=\"lazy\" decoding=\"async\" width=\"400\" height=\"400\" src=\"https:\/\/almieres.com\/wp-content\/uploads\/2025\/08\/Focus-presse-yoga-retreat.png\" class=\"attachment-large size-large wp-image-7798\" alt=\"\" srcset=\"https:\/\/almieres.com\/wp-content\/uploads\/2025\/08\/Focus-presse-yoga-retreat.png 400w, https:\/\/almieres.com\/wp-content\/uploads\/2025\/08\/Focus-presse-yoga-retreat-300x300.png 300w, https:\/\/almieres.com\/wp-content\/uploads\/2025\/08\/Focus-presse-yoga-retreat-150x150.png 150w, https:\/\/almieres.com\/wp-content\/uploads\/2025\/08\/Focus-presse-yoga-retreat-12x12.png 12w, https:\/\/almieres.com\/wp-content\/uploads\/2025\/08\/Focus-presse-yoga-retreat-230x230.png 230w, https:\/\/almieres.com\/wp-content\/uploads\/2025\/08\/Focus-presse-yoga-retreat-350x350.png 350w\" sizes=\"(max-width: 400px) 100vw, 400px\" \/>\t\t\t\t\t\t\t\t<\/a>\n\t\t\t\t\t\t\t\t\t\t\t\t\t\t\t<\/div>\n\t\t\t\t<\/div>\n\t\t\t\t\t<\/div>\n\t\t<\/div>\n\t\t\t\t<div class=\"elementor-column elementor-col-33 elementor-inner-column elementor-element elementor-element-4854768\" data-id=\"4854768\" data-element_type=\"column\">\n\t\t\t<div class=\"elementor-widget-wrap elementor-element-populated\">\n\t\t\t\t\t\t<div class=\"elementor-element elementor-element-d626841 elementor-widget elementor-widget-image\" data-id=\"d626841\" data-element_type=\"widget\" data-widget_type=\"image.default\">\n\t\t\t\t<div class=\"elementor-widget-container\">\n\t\t\t\t\t\t\t\t\t\t\t\t\t\t\t\t<a href=\"https:\/\/www.elle.fr\/Minceur\/Bien-etre-relaxation\/Voyage-bien-etre-a-travers-l-Europe-nos-adresses-pour-un-sejour-detente#Almieres-Retreat-en-Lozere\" target=\"_blank\">\n\t\t\t\t\t\t\t<img loading=\"lazy\" decoding=\"async\" width=\"400\" height=\"400\" src=\"https:\/\/almieres.com\/wp-content\/uploads\/2025\/08\/ELLE-presse-yoga-retreat.png\" class=\"attachment-large size-large wp-image-7803\" alt=\"\" srcset=\"https:\/\/almieres.com\/wp-content\/uploads\/2025\/08\/ELLE-presse-yoga-retreat.png 400w, https:\/\/almieres.com\/wp-content\/uploads\/2025\/08\/ELLE-presse-yoga-retreat-300x300.png 300w, https:\/\/almieres.com\/wp-content\/uploads\/2025\/08\/ELLE-presse-yoga-retreat-150x150.png 150w, https:\/\/almieres.com\/wp-content\/uploads\/2025\/08\/ELLE-presse-yoga-retreat-12x12.png 12w, https:\/\/almieres.com\/wp-content\/uploads\/2025\/08\/ELLE-presse-yoga-retreat-230x230.png 230w, https:\/\/almieres.com\/wp-content\/uploads\/2025\/08\/ELLE-presse-yoga-retreat-350x350.png 350w\" sizes=\"(max-width: 400px) 100vw, 400px\" \/>\t\t\t\t\t\t\t\t<\/a>\n\t\t\t\t\t\t\t\t\t\t\t\t\t\t\t<\/div>\n\t\t\t\t<\/div>\n\t\t\t\t\t<\/div>\n\t\t<\/div>\n\t\t\t\t<div class=\"elementor-column elementor-col-33 elementor-inner-column elementor-element elementor-element-98c1172\" data-id=\"98c1172\" data-element_type=\"column\" data-settings=\"{&quot;background_background&quot;:&quot;classic&quot;}\">\n\t\t\t<div class=\"elementor-widget-wrap elementor-element-populated\">\n\t\t\t\t\t\t<div class=\"elementor-element elementor-element-d33f907 elementor-widget elementor-widget-image\" data-id=\"d33f907\" data-element_type=\"widget\" data-widget_type=\"image.default\">\n\t\t\t\t<div class=\"elementor-widget-container\">\n\t\t\t\t\t\t\t\t\t\t\t\t\t\t\t\t<a href=\"https:\/\/almieres.com\/document\/simple-things-yoga-RETREAT-wellness.pdf\" target=\"_blank\">\n\t\t\t\t\t\t\t<img loading=\"lazy\" decoding=\"async\" width=\"400\" height=\"400\" src=\"https:\/\/almieres.com\/wp-content\/uploads\/2025\/08\/Simple-things-presse-yoga-retreat.png\" class=\"attachment-large size-large wp-image-7854\" alt=\"\" srcset=\"https:\/\/almieres.com\/wp-content\/uploads\/2025\/08\/Simple-things-presse-yoga-retreat.png 400w, https:\/\/almieres.com\/wp-content\/uploads\/2025\/08\/Simple-things-presse-yoga-retreat-300x300.png 300w, https:\/\/almieres.com\/wp-content\/uploads\/2025\/08\/Simple-things-presse-yoga-retreat-150x150.png 150w, https:\/\/almieres.com\/wp-content\/uploads\/2025\/08\/Simple-things-presse-yoga-retreat-12x12.png 12w, https:\/\/almieres.com\/wp-content\/uploads\/2025\/08\/Simple-things-presse-yoga-retreat-230x230.png 230w, https:\/\/almieres.com\/wp-content\/uploads\/2025\/08\/Simple-things-presse-yoga-retreat-350x350.png 350w\" sizes=\"(max-width: 400px) 100vw, 400px\" \/>\t\t\t\t\t\t\t\t<\/a>\n\t\t\t\t\t\t\t\t\t\t\t\t\t\t\t<\/div>\n\t\t\t\t<\/div>\n\t\t\t\t\t<\/div>\n\t\t<\/div>\n\t\t\t\t\t<\/div>\n\t\t<\/section>\n\t\t\t\t<section class=\"elementor-section elementor-inner-section elementor-element elementor-element-6a75f8a elementor-section-boxed elementor-section-height-default elementor-section-height-default\" data-id=\"6a75f8a\" data-element_type=\"section\">\n\t\t\t\t\t\t<div class=\"elementor-container elementor-column-gap-default\">\n\t\t\t\t\t<div class=\"elementor-column elementor-col-33 elementor-inner-column elementor-element elementor-element-6a24176\" data-id=\"6a24176\" data-element_type=\"column\">\n\t\t\t<div class=\"elementor-widget-wrap elementor-element-populated\">\n\t\t\t\t\t\t<div class=\"elementor-element elementor-element-2495d10 elementor-widget elementor-widget-image\" data-id=\"2495d10\" data-element_type=\"widget\" data-widget_type=\"image.default\">\n\t\t\t\t<div class=\"elementor-widget-container\">\n\t\t\t\t\t\t\t\t\t\t\t\t\t\t\t\t<a href=\"https:\/\/almieres.com\/document\/Mindful-Places-to-Stay_yoga-retreat-france.pdf\" target=\"_blank\">\n\t\t\t\t\t\t\t<img loading=\"lazy\" decoding=\"async\" width=\"400\" height=\"400\" src=\"https:\/\/almieres.com\/wp-content\/uploads\/2025\/08\/Mindful-places-to-stay.png\" class=\"attachment-large size-large wp-image-7890\" alt=\"\" srcset=\"https:\/\/almieres.com\/wp-content\/uploads\/2025\/08\/Mindful-places-to-stay.png 400w, https:\/\/almieres.com\/wp-content\/uploads\/2025\/08\/Mindful-places-to-stay-300x300.png 300w, https:\/\/almieres.com\/wp-content\/uploads\/2025\/08\/Mindful-places-to-stay-150x150.png 150w, https:\/\/almieres.com\/wp-content\/uploads\/2025\/08\/Mindful-places-to-stay-12x12.png 12w, https:\/\/almieres.com\/wp-content\/uploads\/2025\/08\/Mindful-places-to-stay-230x230.png 230w, https:\/\/almieres.com\/wp-content\/uploads\/2025\/08\/Mindful-places-to-stay-350x350.png 350w\" sizes=\"(max-width: 400px) 100vw, 400px\" \/>\t\t\t\t\t\t\t\t<\/a>\n\t\t\t\t\t\t\t\t\t\t\t\t\t\t\t<\/div>\n\t\t\t\t<\/div>\n\t\t\t\t\t<\/div>\n\t\t<\/div>\n\t\t\t\t<div class=\"elementor-column elementor-col-33 elementor-inner-column elementor-element elementor-element-d437809\" data-id=\"d437809\" data-element_type=\"column\" data-settings=\"{&quot;background_background&quot;:&quot;classic&quot;}\">\n\t\t\t<div class=\"elementor-widget-wrap elementor-element-populated\">\n\t\t\t\t\t\t<div class=\"elementor-element elementor-element-70f9619 elementor-widget elementor-widget-image\" data-id=\"70f9619\" data-element_type=\"widget\" data-widget_type=\"image.default\">\n\t\t\t\t<div class=\"elementor-widget-container\">\n\t\t\t\t\t\t\t\t\t\t\t\t\t\t\t\t<a href=\"https:\/\/www.lesechos.fr\/weekend\/voyages\/le-repaire-almieres-une-echappee-hors-du-temps-en-lozere-1342954\" target=\"_blank\">\n\t\t\t\t\t\t\t<img loading=\"lazy\" decoding=\"async\" width=\"400\" height=\"400\" src=\"https:\/\/almieres.com\/wp-content\/uploads\/2025\/08\/LesEchos-presse-yoga-retreat.png\" class=\"attachment-large size-large wp-image-7796\" alt=\"\" srcset=\"https:\/\/almieres.com\/wp-content\/uploads\/2025\/08\/LesEchos-presse-yoga-retreat.png 400w, https:\/\/almieres.com\/wp-content\/uploads\/2025\/08\/LesEchos-presse-yoga-retreat-300x300.png 300w, https:\/\/almieres.com\/wp-content\/uploads\/2025\/08\/LesEchos-presse-yoga-retreat-150x150.png 150w, https:\/\/almieres.com\/wp-content\/uploads\/2025\/08\/LesEchos-presse-yoga-retreat-12x12.png 12w, https:\/\/almieres.com\/wp-content\/uploads\/2025\/08\/LesEchos-presse-yoga-retreat-230x230.png 230w, https:\/\/almieres.com\/wp-content\/uploads\/2025\/08\/LesEchos-presse-yoga-retreat-350x350.png 350w\" sizes=\"(max-width: 400px) 100vw, 400px\" \/>\t\t\t\t\t\t\t\t<\/a>\n\t\t\t\t\t\t\t\t\t\t\t\t\t\t\t<\/div>\n\t\t\t\t<\/div>\n\t\t\t\t\t<\/div>\n\t\t<\/div>\n\t\t\t\t<div class=\"elementor-column elementor-col-33 elementor-inner-column elementor-element elementor-element-935f556\" data-id=\"935f556\" data-element_type=\"column\">\n\t\t\t<div class=\"elementor-widget-wrap elementor-element-populated\">\n\t\t\t\t\t\t<div class=\"elementor-element elementor-element-f896213 elementor-widget elementor-widget-image\" data-id=\"f896213\" data-element_type=\"widget\" data-widget_type=\"image.default\">\n\t\t\t\t<div class=\"elementor-widget-container\">\n\t\t\t\t\t\t\t\t\t\t\t\t\t\t\t\t<a href=\"https:\/\/madame.lefigaro.fr\/evasion\/city-guide\/dans-un-monastere-en-ombrie-sur-une-ile-isolee-en-finlande-nos-adresses-pour-un-ete-deconnecte-et-loin-de-tout-20230708#subhead-b5ef91ab-b168-4ec9-945a-48ce1961bc7b\" target=\"_blank\">\n\t\t\t\t\t\t\t<img loading=\"lazy\" decoding=\"async\" width=\"400\" height=\"400\" src=\"https:\/\/almieres.com\/wp-content\/uploads\/2025\/08\/Madame-Figaro-2-presse-yoga-retreat.png\" class=\"attachment-large size-large wp-image-7810\" alt=\"\" srcset=\"https:\/\/almieres.com\/wp-content\/uploads\/2025\/08\/Madame-Figaro-2-presse-yoga-retreat.png 400w, https:\/\/almieres.com\/wp-content\/uploads\/2025\/08\/Madame-Figaro-2-presse-yoga-retreat-300x300.png 300w, https:\/\/almieres.com\/wp-content\/uploads\/2025\/08\/Madame-Figaro-2-presse-yoga-retreat-150x150.png 150w, https:\/\/almieres.com\/wp-content\/uploads\/2025\/08\/Madame-Figaro-2-presse-yoga-retreat-12x12.png 12w, https:\/\/almieres.com\/wp-content\/uploads\/2025\/08\/Madame-Figaro-2-presse-yoga-retreat-230x230.png 230w, https:\/\/almieres.com\/wp-content\/uploads\/2025\/08\/Madame-Figaro-2-presse-yoga-retreat-350x350.png 350w\" sizes=\"(max-width: 400px) 100vw, 400px\" \/>\t\t\t\t\t\t\t\t<\/a>\n\t\t\t\t\t\t\t\t\t\t\t\t\t\t\t<\/div>\n\t\t\t\t<\/div>\n\t\t\t\t\t<\/div>\n\t\t<\/div>\n\t\t\t\t\t<\/div>\n\t\t<\/section>\n\t\t\t\t<section class=\"elementor-section elementor-inner-section elementor-element elementor-element-4e72782 elementor-section-boxed elementor-section-height-default elementor-section-height-default\" data-id=\"4e72782\" data-element_type=\"section\">\n\t\t\t\t\t\t<div class=\"elementor-container elementor-column-gap-default\">\n\t\t\t\t\t<div class=\"elementor-column elementor-col-33 elementor-inner-column elementor-element elementor-element-d4fd829\" data-id=\"d4fd829\" data-element_type=\"column\">\n\t\t\t<div class=\"elementor-widget-wrap elementor-element-populated\">\n\t\t\t\t\t\t<div class=\"elementor-element elementor-element-43447df elementor-widget elementor-widget-image\" data-id=\"43447df\" data-element_type=\"widget\" data-widget_type=\"image.default\">\n\t\t\t\t<div class=\"elementor-widget-container\">\n\t\t\t\t\t\t\t\t\t\t\t\t\t\t\t\t<a href=\"https:\/\/almieres.com\/document\/Decor-et-sens-2021.pdf\" target=\"_blank\">\n\t\t\t\t\t\t\t<img loading=\"lazy\" decoding=\"async\" width=\"400\" height=\"400\" src=\"https:\/\/almieres.com\/wp-content\/uploads\/2025\/08\/Decor-et-Sens-2-presse-yoga-retreat.png\" class=\"attachment-large size-large wp-image-7832\" alt=\"\" srcset=\"https:\/\/almieres.com\/wp-content\/uploads\/2025\/08\/Decor-et-Sens-2-presse-yoga-retreat.png 400w, https:\/\/almieres.com\/wp-content\/uploads\/2025\/08\/Decor-et-Sens-2-presse-yoga-retreat-300x300.png 300w, https:\/\/almieres.com\/wp-content\/uploads\/2025\/08\/Decor-et-Sens-2-presse-yoga-retreat-150x150.png 150w, https:\/\/almieres.com\/wp-content\/uploads\/2025\/08\/Decor-et-Sens-2-presse-yoga-retreat-12x12.png 12w, https:\/\/almieres.com\/wp-content\/uploads\/2025\/08\/Decor-et-Sens-2-presse-yoga-retreat-230x230.png 230w, https:\/\/almieres.com\/wp-content\/uploads\/2025\/08\/Decor-et-Sens-2-presse-yoga-retreat-350x350.png 350w\" sizes=\"(max-width: 400px) 100vw, 400px\" \/>\t\t\t\t\t\t\t\t<\/a>\n\t\t\t\t\t\t\t\t\t\t\t\t\t\t\t<\/div>\n\t\t\t\t<\/div>\n\t\t\t\t\t<\/div>\n\t\t<\/div>\n\t\t\t\t<div class=\"elementor-column elementor-col-33 elementor-inner-column elementor-element elementor-element-0fbf832\" data-id=\"0fbf832\" data-element_type=\"column\" data-settings=\"{&quot;background_background&quot;:&quot;classic&quot;}\">\n\t\t\t<div class=\"elementor-widget-wrap elementor-element-populated\">\n\t\t\t\t\t\t<div class=\"elementor-element elementor-element-ca14fb3 elementor-widget elementor-widget-image\" data-id=\"ca14fb3\" data-element_type=\"widget\" data-widget_type=\"image.default\">\n\t\t\t\t<div class=\"elementor-widget-container\">\n\t\t\t\t\t\t\t\t\t\t\t\t\t\t\t\t<a href=\"https:\/\/www.marieclaire.fr\/almieres-retreat-un-peu-plus-pres-de-l-essentiel,1431001.asp\" target=\"_blank\">\n\t\t\t\t\t\t\t<img loading=\"lazy\" decoding=\"async\" width=\"400\" height=\"400\" src=\"https:\/\/almieres.com\/wp-content\/uploads\/2025\/08\/Marie-claire-presse-yoga-retreat.png\" class=\"attachment-large size-large wp-image-7802\" alt=\"\" srcset=\"https:\/\/almieres.com\/wp-content\/uploads\/2025\/08\/Marie-claire-presse-yoga-retreat.png 400w, https:\/\/almieres.com\/wp-content\/uploads\/2025\/08\/Marie-claire-presse-yoga-retreat-300x300.png 300w, https:\/\/almieres.com\/wp-content\/uploads\/2025\/08\/Marie-claire-presse-yoga-retreat-150x150.png 150w, https:\/\/almieres.com\/wp-content\/uploads\/2025\/08\/Marie-claire-presse-yoga-retreat-12x12.png 12w, https:\/\/almieres.com\/wp-content\/uploads\/2025\/08\/Marie-claire-presse-yoga-retreat-230x230.png 230w, https:\/\/almieres.com\/wp-content\/uploads\/2025\/08\/Marie-claire-presse-yoga-retreat-350x350.png 350w\" sizes=\"(max-width: 400px) 100vw, 400px\" \/>\t\t\t\t\t\t\t\t<\/a>\n\t\t\t\t\t\t\t\t\t\t\t\t\t\t\t<\/div>\n\t\t\t\t<\/div>\n\t\t\t\t\t<\/div>\n\t\t<\/div>\n\t\t\t\t<div class=\"elementor-column elementor-col-33 elementor-inner-column elementor-element elementor-element-aadb447\" data-id=\"aadb447\" data-element_type=\"column\">\n\t\t\t<div class=\"elementor-widget-wrap elementor-element-populated\">\n\t\t\t\t\t\t<div class=\"elementor-element elementor-element-0d86b4a elementor-widget elementor-widget-image\" data-id=\"0d86b4a\" data-element_type=\"widget\" data-widget_type=\"image.default\">\n\t\t\t\t<div class=\"elementor-widget-container\">\n\t\t\t\t\t\t\t\t\t\t\t\t\t\t\t\t<a href=\"https:\/\/hum-media.com\/detox-digitale-inoubliable-dans-les-gorges-du-tarn\/\" target=\"_blank\">\n\t\t\t\t\t\t\t<img loading=\"lazy\" decoding=\"async\" width=\"400\" height=\"400\" src=\"https:\/\/almieres.com\/wp-content\/uploads\/2025\/08\/HumMedia-presse-yoga-retreat.png\" class=\"attachment-large size-large wp-image-7900\" alt=\"\" srcset=\"https:\/\/almieres.com\/wp-content\/uploads\/2025\/08\/HumMedia-presse-yoga-retreat.png 400w, https:\/\/almieres.com\/wp-content\/uploads\/2025\/08\/HumMedia-presse-yoga-retreat-300x300.png 300w, https:\/\/almieres.com\/wp-content\/uploads\/2025\/08\/HumMedia-presse-yoga-retreat-150x150.png 150w, https:\/\/almieres.com\/wp-content\/uploads\/2025\/08\/HumMedia-presse-yoga-retreat-12x12.png 12w, https:\/\/almieres.com\/wp-content\/uploads\/2025\/08\/HumMedia-presse-yoga-retreat-230x230.png 230w, https:\/\/almieres.com\/wp-content\/uploads\/2025\/08\/HumMedia-presse-yoga-retreat-350x350.png 350w\" sizes=\"(max-width: 400px) 100vw, 400px\" \/>\t\t\t\t\t\t\t\t<\/a>\n\t\t\t\t\t\t\t\t\t\t\t\t\t\t\t<\/div>\n\t\t\t\t<\/div>\n\t\t\t\t\t<\/div>\n\t\t<\/div>\n\t\t\t\t\t<\/div>\n\t\t<\/section>\n\t\t\t\t<section class=\"elementor-section elementor-inner-section elementor-element elementor-element-180058f elementor-section-boxed elementor-section-height-default elementor-section-height-default\" data-id=\"180058f\" data-element_type=\"section\">\n\t\t\t\t\t\t<div class=\"elementor-container elementor-column-gap-default\">\n\t\t\t\t\t<div class=\"elementor-column elementor-col-33 elementor-inner-column elementor-element elementor-element-eb8b643\" data-id=\"eb8b643\" data-element_type=\"column\">\n\t\t\t<div class=\"elementor-widget-wrap elementor-element-populated\">\n\t\t\t\t\t\t<div class=\"elementor-element elementor-element-7688326 elementor-widget elementor-widget-image\" data-id=\"7688326\" data-element_type=\"widget\" data-widget_type=\"image.default\">\n\t\t\t\t<div class=\"elementor-widget-container\">\n\t\t\t\t\t\t\t\t\t\t\t\t\t\t\t\t<a href=\"https:\/\/almieres.com\/document\/Slow-Escapes-yoga-wellness-retreat-France.pdf\" target=\"_blank\">\n\t\t\t\t\t\t\t<img loading=\"lazy\" decoding=\"async\" width=\"400\" height=\"400\" src=\"https:\/\/almieres.com\/wp-content\/uploads\/2025\/08\/slow-escapes.png\" class=\"attachment-large size-large wp-image-7883\" alt=\"\" srcset=\"https:\/\/almieres.com\/wp-content\/uploads\/2025\/08\/slow-escapes.png 400w, https:\/\/almieres.com\/wp-content\/uploads\/2025\/08\/slow-escapes-300x300.png 300w, https:\/\/almieres.com\/wp-content\/uploads\/2025\/08\/slow-escapes-150x150.png 150w, https:\/\/almieres.com\/wp-content\/uploads\/2025\/08\/slow-escapes-12x12.png 12w, https:\/\/almieres.com\/wp-content\/uploads\/2025\/08\/slow-escapes-230x230.png 230w, https:\/\/almieres.com\/wp-content\/uploads\/2025\/08\/slow-escapes-350x350.png 350w\" sizes=\"(max-width: 400px) 100vw, 400px\" \/>\t\t\t\t\t\t\t\t<\/a>\n\t\t\t\t\t\t\t\t\t\t\t\t\t\t\t<\/div>\n\t\t\t\t<\/div>\n\t\t\t\t\t<\/div>\n\t\t<\/div>\n\t\t\t\t<div class=\"elementor-column elementor-col-33 elementor-inner-column elementor-element elementor-element-67405e0\" data-id=\"67405e0\" data-element_type=\"column\">\n\t\t\t<div class=\"elementor-widget-wrap elementor-element-populated\">\n\t\t\t\t\t\t<div class=\"elementor-element elementor-element-a5ced49 elementor-widget elementor-widget-image\" data-id=\"a5ced49\" data-element_type=\"widget\" data-widget_type=\"image.default\">\n\t\t\t\t<div class=\"elementor-widget-container\">\n\t\t\t\t\t\t\t\t\t\t\t\t\t\t\t\t<a href=\"https:\/\/almieres.com\/document\/Le-temps-d-un-voyage-PRESSE%20ALMIERES%20RETREAT.pdf\" target=\"_blank\">\n\t\t\t\t\t\t\t<img loading=\"lazy\" decoding=\"async\" width=\"400\" height=\"400\" src=\"https:\/\/almieres.com\/wp-content\/uploads\/2025\/08\/Le-temps-dun-voyage-presse-yoga-retreat.png\" class=\"attachment-large size-large wp-image-7848\" alt=\"\" srcset=\"https:\/\/almieres.com\/wp-content\/uploads\/2025\/08\/Le-temps-dun-voyage-presse-yoga-retreat.png 400w, https:\/\/almieres.com\/wp-content\/uploads\/2025\/08\/Le-temps-dun-voyage-presse-yoga-retreat-300x300.png 300w, https:\/\/almieres.com\/wp-content\/uploads\/2025\/08\/Le-temps-dun-voyage-presse-yoga-retreat-150x150.png 150w, https:\/\/almieres.com\/wp-content\/uploads\/2025\/08\/Le-temps-dun-voyage-presse-yoga-retreat-12x12.png 12w, https:\/\/almieres.com\/wp-content\/uploads\/2025\/08\/Le-temps-dun-voyage-presse-yoga-retreat-230x230.png 230w, https:\/\/almieres.com\/wp-content\/uploads\/2025\/08\/Le-temps-dun-voyage-presse-yoga-retreat-350x350.png 350w\" sizes=\"(max-width: 400px) 100vw, 400px\" \/>\t\t\t\t\t\t\t\t<\/a>\n\t\t\t\t\t\t\t\t\t\t\t\t\t\t\t<\/div>\n\t\t\t\t<\/div>\n\t\t\t\t\t<\/div>\n\t\t<\/div>\n\t\t\t\t<div class=\"elementor-column elementor-col-33 elementor-inner-column elementor-element elementor-element-7a0e557\" data-id=\"7a0e557\" data-element_type=\"column\" data-settings=\"{&quot;background_background&quot;:&quot;classic&quot;}\">\n\t\t\t<div class=\"elementor-widget-wrap elementor-element-populated\">\n\t\t\t\t\t\t<div class=\"elementor-element elementor-element-38b4dd3 elementor-widget elementor-widget-image\" data-id=\"38b4dd3\" data-element_type=\"widget\" data-widget_type=\"image.default\">\n\t\t\t\t<div class=\"elementor-widget-container\">\n\t\t\t\t\t\t\t\t\t\t\t\t\t\t\t\t<a href=\"https:\/\/allezhopa.com\/maisons\/almieres-retreat.html\" target=\"_blank\">\n\t\t\t\t\t\t\t<img loading=\"lazy\" decoding=\"async\" width=\"400\" height=\"400\" src=\"https:\/\/almieres.com\/wp-content\/uploads\/2025\/08\/Allez-Hop-presse-yoga-retreat.png\" class=\"attachment-large size-large wp-image-7801\" alt=\"\" srcset=\"https:\/\/almieres.com\/wp-content\/uploads\/2025\/08\/Allez-Hop-presse-yoga-retreat.png 400w, https:\/\/almieres.com\/wp-content\/uploads\/2025\/08\/Allez-Hop-presse-yoga-retreat-300x300.png 300w, https:\/\/almieres.com\/wp-content\/uploads\/2025\/08\/Allez-Hop-presse-yoga-retreat-150x150.png 150w, https:\/\/almieres.com\/wp-content\/uploads\/2025\/08\/Allez-Hop-presse-yoga-retreat-12x12.png 12w, https:\/\/almieres.com\/wp-content\/uploads\/2025\/08\/Allez-Hop-presse-yoga-retreat-230x230.png 230w, https:\/\/almieres.com\/wp-content\/uploads\/2025\/08\/Allez-Hop-presse-yoga-retreat-350x350.png 350w\" sizes=\"(max-width: 400px) 100vw, 400px\" \/>\t\t\t\t\t\t\t\t<\/a>\n\t\t\t\t\t\t\t\t\t\t\t\t\t\t\t<\/div>\n\t\t\t\t<\/div>\n\t\t\t\t\t<\/div>\n\t\t<\/div>\n\t\t\t\t\t<\/div>\n\t\t<\/section>\n\t\t\t\t<section class=\"elementor-section elementor-inner-section elementor-element elementor-element-51d6377 elementor-section-boxed elementor-section-height-default elementor-section-height-default\" data-id=\"51d6377\" data-element_type=\"section\">\n\t\t\t\t\t\t<div class=\"elementor-container elementor-column-gap-default\">\n\t\t\t\t\t<div class=\"elementor-column elementor-col-33 elementor-inner-column elementor-element elementor-element-2a50cd5\" data-id=\"2a50cd5\" data-element_type=\"column\">\n\t\t\t<div class=\"elementor-widget-wrap elementor-element-populated\">\n\t\t\t\t\t\t<div class=\"elementor-element elementor-element-5647747 elementor-widget elementor-widget-image\" data-id=\"5647747\" data-element_type=\"widget\" data-widget_type=\"image.default\">\n\t\t\t\t<div class=\"elementor-widget-container\">\n\t\t\t\t\t\t\t\t\t\t\t\t\t\t\t\t<a href=\"https:\/\/www.lalozerenouvelle.com\/la-hameau-dalmieres-comme-dans-un-cocon\/\" target=\"_blank\">\n\t\t\t\t\t\t\t<img loading=\"lazy\" decoding=\"async\" width=\"400\" height=\"400\" src=\"https:\/\/almieres.com\/wp-content\/uploads\/2025\/08\/La-Lozere-Nouvelle-2-presse-yoga-retreat.png\" class=\"attachment-large size-large wp-image-7808\" alt=\"\" srcset=\"https:\/\/almieres.com\/wp-content\/uploads\/2025\/08\/La-Lozere-Nouvelle-2-presse-yoga-retreat.png 400w, https:\/\/almieres.com\/wp-content\/uploads\/2025\/08\/La-Lozere-Nouvelle-2-presse-yoga-retreat-300x300.png 300w, https:\/\/almieres.com\/wp-content\/uploads\/2025\/08\/La-Lozere-Nouvelle-2-presse-yoga-retreat-150x150.png 150w, https:\/\/almieres.com\/wp-content\/uploads\/2025\/08\/La-Lozere-Nouvelle-2-presse-yoga-retreat-12x12.png 12w, https:\/\/almieres.com\/wp-content\/uploads\/2025\/08\/La-Lozere-Nouvelle-2-presse-yoga-retreat-230x230.png 230w, https:\/\/almieres.com\/wp-content\/uploads\/2025\/08\/La-Lozere-Nouvelle-2-presse-yoga-retreat-350x350.png 350w\" sizes=\"(max-width: 400px) 100vw, 400px\" \/>\t\t\t\t\t\t\t\t<\/a>\n\t\t\t\t\t\t\t\t\t\t\t\t\t\t\t<\/div>\n\t\t\t\t<\/div>\n\t\t\t\t\t<\/div>\n\t\t<\/div>\n\t\t\t\t<div class=\"elementor-column elementor-col-33 elementor-inner-column elementor-element elementor-element-28d7787\" data-id=\"28d7787\" data-element_type=\"column\">\n\t\t\t<div class=\"elementor-widget-wrap elementor-element-populated\">\n\t\t\t\t\t\t<div class=\"elementor-element elementor-element-1bc8016 elementor-hidden-desktop elementor-hidden-tablet elementor-hidden-mobile elementor-widget elementor-widget-image\" data-id=\"1bc8016\" data-element_type=\"widget\" data-widget_type=\"image.default\">\n\t\t\t\t<div class=\"elementor-widget-container\">\n\t\t\t\t\t\t\t\t\t\t\t\t\t\t\t\t<a href=\"https:\/\/almieres.com\/document\/Le-temps-d-un-voyage-PRESSE%20ALMIERES%20RETREAT.pdf\" target=\"_blank\">\n\t\t\t\t\t\t\t<img loading=\"lazy\" decoding=\"async\" width=\"400\" height=\"400\" src=\"https:\/\/almieres.com\/wp-content\/uploads\/2025\/08\/Le-temps-dun-voyage-presse-yoga-retreat.png\" class=\"attachment-large size-large wp-image-7848\" alt=\"\" srcset=\"https:\/\/almieres.com\/wp-content\/uploads\/2025\/08\/Le-temps-dun-voyage-presse-yoga-retreat.png 400w, https:\/\/almieres.com\/wp-content\/uploads\/2025\/08\/Le-temps-dun-voyage-presse-yoga-retreat-300x300.png 300w, https:\/\/almieres.com\/wp-content\/uploads\/2025\/08\/Le-temps-dun-voyage-presse-yoga-retreat-150x150.png 150w, https:\/\/almieres.com\/wp-content\/uploads\/2025\/08\/Le-temps-dun-voyage-presse-yoga-retreat-12x12.png 12w, https:\/\/almieres.com\/wp-content\/uploads\/2025\/08\/Le-temps-dun-voyage-presse-yoga-retreat-230x230.png 230w, https:\/\/almieres.com\/wp-content\/uploads\/2025\/08\/Le-temps-dun-voyage-presse-yoga-retreat-350x350.png 350w\" sizes=\"(max-width: 400px) 100vw, 400px\" \/>\t\t\t\t\t\t\t\t<\/a>\n\t\t\t\t\t\t\t\t\t\t\t\t\t\t\t<\/div>\n\t\t\t\t<\/div>\n\t\t\t\t\t<\/div>\n\t\t<\/div>\n\t\t\t\t<div class=\"elementor-column elementor-col-33 elementor-inner-column elementor-element elementor-element-12d6463\" data-id=\"12d6463\" data-element_type=\"column\" data-settings=\"{&quot;background_background&quot;:&quot;classic&quot;}\">\n\t\t\t<div class=\"elementor-widget-wrap elementor-element-populated\">\n\t\t\t\t\t\t<div class=\"elementor-element elementor-element-0c25684 elementor-hidden-desktop elementor-hidden-tablet elementor-hidden-mobile elementor-widget elementor-widget-image\" data-id=\"0c25684\" data-element_type=\"widget\" data-widget_type=\"image.default\">\n\t\t\t\t<div class=\"elementor-widget-container\">\n\t\t\t\t\t\t\t\t\t\t\t\t\t\t\t\t<a href=\"https:\/\/allezhopa.com\/maisons\/almieres-retreat.html\" target=\"_blank\">\n\t\t\t\t\t\t\t<img loading=\"lazy\" decoding=\"async\" width=\"400\" height=\"400\" src=\"https:\/\/almieres.com\/wp-content\/uploads\/2025\/08\/Allez-Hop-presse-yoga-retreat.png\" class=\"attachment-large size-large wp-image-7801\" alt=\"\" srcset=\"https:\/\/almieres.com\/wp-content\/uploads\/2025\/08\/Allez-Hop-presse-yoga-retreat.png 400w, https:\/\/almieres.com\/wp-content\/uploads\/2025\/08\/Allez-Hop-presse-yoga-retreat-300x300.png 300w, https:\/\/almieres.com\/wp-content\/uploads\/2025\/08\/Allez-Hop-presse-yoga-retreat-150x150.png 150w, https:\/\/almieres.com\/wp-content\/uploads\/2025\/08\/Allez-Hop-presse-yoga-retreat-12x12.png 12w, https:\/\/almieres.com\/wp-content\/uploads\/2025\/08\/Allez-Hop-presse-yoga-retreat-230x230.png 230w, https:\/\/almieres.com\/wp-content\/uploads\/2025\/08\/Allez-Hop-presse-yoga-retreat-350x350.png 350w\" sizes=\"(max-width: 400px) 100vw, 400px\" \/>\t\t\t\t\t\t\t\t<\/a>\n\t\t\t\t\t\t\t\t\t\t\t\t\t\t\t<\/div>\n\t\t\t\t<\/div>\n\t\t\t\t\t<\/div>\n\t\t<\/div>\n\t\t\t\t\t<\/div>\n\t\t<\/section>\n\t\t\t\t<section class=\"elementor-section elementor-inner-section elementor-element elementor-element-eeaa9b8 elementor-hidden-desktop elementor-hidden-tablet elementor-hidden-mobile elementor-section-boxed elementor-section-height-default elementor-section-height-default\" data-id=\"eeaa9b8\" data-element_type=\"section\">\n\t\t\t\t\t\t<div class=\"elementor-container elementor-column-gap-default\">\n\t\t\t\t\t<div class=\"elementor-column elementor-col-33 elementor-inner-column elementor-element elementor-element-a88f3bd\" data-id=\"a88f3bd\" data-element_type=\"column\">\n\t\t\t<div class=\"elementor-widget-wrap elementor-element-populated\">\n\t\t\t\t\t\t<div class=\"elementor-element elementor-element-bde273f elementor-widget elementor-widget-image\" data-id=\"bde273f\" data-element_type=\"widget\" data-widget_type=\"image.default\">\n\t\t\t\t<div class=\"elementor-widget-container\">\n\t\t\t\t\t\t\t\t\t\t\t\t\t\t\t\t<a href=\"https:\/\/www.lalozerenouvelle.com\/la-hameau-dalmieres-comme-dans-un-cocon\/\" target=\"_blank\">\n\t\t\t\t\t\t\t<img loading=\"lazy\" decoding=\"async\" width=\"400\" height=\"400\" src=\"https:\/\/almieres.com\/wp-content\/uploads\/2025\/08\/La-Lozere-Nouvelle-2-presse-yoga-retreat.png\" class=\"attachment-large size-large wp-image-7808\" alt=\"\" srcset=\"https:\/\/almieres.com\/wp-content\/uploads\/2025\/08\/La-Lozere-Nouvelle-2-presse-yoga-retreat.png 400w, https:\/\/almieres.com\/wp-content\/uploads\/2025\/08\/La-Lozere-Nouvelle-2-presse-yoga-retreat-300x300.png 300w, https:\/\/almieres.com\/wp-content\/uploads\/2025\/08\/La-Lozere-Nouvelle-2-presse-yoga-retreat-150x150.png 150w, https:\/\/almieres.com\/wp-content\/uploads\/2025\/08\/La-Lozere-Nouvelle-2-presse-yoga-retreat-12x12.png 12w, https:\/\/almieres.com\/wp-content\/uploads\/2025\/08\/La-Lozere-Nouvelle-2-presse-yoga-retreat-230x230.png 230w, https:\/\/almieres.com\/wp-content\/uploads\/2025\/08\/La-Lozere-Nouvelle-2-presse-yoga-retreat-350x350.png 350w\" sizes=\"(max-width: 400px) 100vw, 400px\" \/>\t\t\t\t\t\t\t\t<\/a>\n\t\t\t\t\t\t\t\t\t\t\t\t\t\t\t<\/div>\n\t\t\t\t<\/div>\n\t\t\t\t\t<\/div>\n\t\t<\/div>\n\t\t\t\t<div class=\"elementor-column elementor-col-33 elementor-inner-column elementor-element elementor-element-aa03f77 elementor-hidden-desktop elementor-hidden-tablet elementor-hidden-mobile\" data-id=\"aa03f77\" data-element_type=\"column\" data-settings=\"{&quot;background_background&quot;:&quot;classic&quot;}\">\n\t\t\t<div class=\"elementor-widget-wrap elementor-element-populated\">\n\t\t\t\t\t\t<div class=\"elementor-element elementor-element-0641a02 elementor-widget elementor-widget-image\" data-id=\"0641a02\" data-element_type=\"widget\" data-widget_type=\"image.default\">\n\t\t\t\t<div class=\"elementor-widget-container\">\n\t\t\t\t\t\t\t\t\t\t\t\t\t\t\t\t<a href=\"https:\/\/almieres.com\/document\/Slow-Escapes-yoga-wellness-retreat-France.pdf\" target=\"_blank\">\n\t\t\t\t\t\t\t<img loading=\"lazy\" decoding=\"async\" width=\"400\" height=\"400\" src=\"https:\/\/almieres.com\/wp-content\/uploads\/2025\/08\/slow-escapes.png\" class=\"attachment-large size-large wp-image-7883\" alt=\"\" srcset=\"https:\/\/almieres.com\/wp-content\/uploads\/2025\/08\/slow-escapes.png 400w, https:\/\/almieres.com\/wp-content\/uploads\/2025\/08\/slow-escapes-300x300.png 300w, https:\/\/almieres.com\/wp-content\/uploads\/2025\/08\/slow-escapes-150x150.png 150w, https:\/\/almieres.com\/wp-content\/uploads\/2025\/08\/slow-escapes-12x12.png 12w, https:\/\/almieres.com\/wp-content\/uploads\/2025\/08\/slow-escapes-230x230.png 230w, https:\/\/almieres.com\/wp-content\/uploads\/2025\/08\/slow-escapes-350x350.png 350w\" sizes=\"(max-width: 400px) 100vw, 400px\" \/>\t\t\t\t\t\t\t\t<\/a>\n\t\t\t\t\t\t\t\t\t\t\t\t\t\t\t<\/div>\n\t\t\t\t<\/div>\n\t\t\t\t\t<\/div>\n\t\t<\/div>\n\t\t\t\t<div class=\"elementor-column elementor-col-33 elementor-inner-column elementor-element elementor-element-eec5708 elementor-hidden-desktop elementor-hidden-tablet elementor-hidden-mobile\" data-id=\"eec5708\" data-element_type=\"column\">\n\t\t\t<div class=\"elementor-widget-wrap elementor-element-populated\">\n\t\t\t\t\t\t<div class=\"elementor-element elementor-element-3e9823a elementor-widget elementor-widget-image\" data-id=\"3e9823a\" data-element_type=\"widget\" data-widget_type=\"image.default\">\n\t\t\t\t<div class=\"elementor-widget-container\">\n\t\t\t\t\t\t\t\t\t\t\t\t\t\t\t\t<a href=\"https:\/\/almieres.com\/document\/Le-temps-d-un-voyage-PRESSE%20ALMIERES%20RETREAT.pdf\" target=\"_blank\">\n\t\t\t\t\t\t\t<img loading=\"lazy\" decoding=\"async\" width=\"400\" height=\"400\" src=\"https:\/\/almieres.com\/wp-content\/uploads\/2025\/08\/Le-temps-dun-voyage-presse-yoga-retreat.png\" class=\"attachment-large size-large wp-image-7848\" alt=\"\" srcset=\"https:\/\/almieres.com\/wp-content\/uploads\/2025\/08\/Le-temps-dun-voyage-presse-yoga-retreat.png 400w, https:\/\/almieres.com\/wp-content\/uploads\/2025\/08\/Le-temps-dun-voyage-presse-yoga-retreat-300x300.png 300w, https:\/\/almieres.com\/wp-content\/uploads\/2025\/08\/Le-temps-dun-voyage-presse-yoga-retreat-150x150.png 150w, https:\/\/almieres.com\/wp-content\/uploads\/2025\/08\/Le-temps-dun-voyage-presse-yoga-retreat-12x12.png 12w, https:\/\/almieres.com\/wp-content\/uploads\/2025\/08\/Le-temps-dun-voyage-presse-yoga-retreat-230x230.png 230w, https:\/\/almieres.com\/wp-content\/uploads\/2025\/08\/Le-temps-dun-voyage-presse-yoga-retreat-350x350.png 350w\" sizes=\"(max-width: 400px) 100vw, 400px\" \/>\t\t\t\t\t\t\t\t<\/a>\n\t\t\t\t\t\t\t\t\t\t\t\t\t\t\t<\/div>\n\t\t\t\t<\/div>\n\t\t\t\t\t<\/div>\n\t\t<\/div>\n\t\t\t\t\t<\/div>\n\t\t<\/section>\n\t\t\t\t\t<\/div>\n\t\t<\/div>\n\t\t\t\t\t<\/div>\n\t\t<\/section>\n\t\t\t\t<section class=\"elementor-section elementor-top-section elementor-element elementor-element-131dba90 elementor-section-full_width elementor-hidden-phone elementor-section-height-default elementor-section-height-default\" data-id=\"131dba90\" data-element_type=\"section\" data-settings=\"{&quot;background_background&quot;:&quot;classic&quot;}\">\n\t\t\t\t\t\t<div class=\"elementor-container elementor-column-gap-default\">\n\t\t\t\t\t<div class=\"elementor-column elementor-col-100 elementor-top-column elementor-element elementor-element-66de0d0c\" data-id=\"66de0d0c\" data-element_type=\"column\">\n\t\t\t<div class=\"elementor-widget-wrap elementor-element-populated\">\n\t\t\t\t\t\t<div class=\"elementor-element elementor-element-5a2f0d19 elementor-widget elementor-widget-spacer\" data-id=\"5a2f0d19\" data-element_type=\"widget\" data-widget_type=\"spacer.default\">\n\t\t\t\t<div class=\"elementor-widget-container\">\n\t\t\t\t\t\t\t<div class=\"elementor-spacer\">\n\t\t\t<div class=\"elementor-spacer-inner\"><\/div>\n\t\t<\/div>\n\t\t\t\t\t\t<\/div>\n\t\t\t\t<\/div>\n\t\t\t\t<section class=\"elementor-section elementor-inner-section elementor-element elementor-element-1df2fea0 elementor-section-boxed elementor-section-height-default elementor-section-height-default\" data-id=\"1df2fea0\" data-element_type=\"section\">\n\t\t\t\t\t\t<div class=\"elementor-container elementor-column-gap-default\">\n\t\t\t\t\t<div class=\"elementor-column elementor-col-20 elementor-inner-column elementor-element elementor-element-4ebcd320 elementor-hidden-tablet\" data-id=\"4ebcd320\" data-element_type=\"column\">\n\t\t\t<div class=\"elementor-widget-wrap\">\n\t\t\t\t\t\t\t<\/div>\n\t\t<\/div>\n\t\t\t\t<div class=\"elementor-column elementor-col-20 elementor-inner-column elementor-element elementor-element-5f1c2523\" data-id=\"5f1c2523\" data-element_type=\"column\">\n\t\t\t<div class=\"elementor-widget-wrap elementor-element-populated\">\n\t\t\t\t\t\t<div class=\"elementor-element elementor-element-6faacb1d elementor-widget elementor-widget-text-editor\" data-id=\"6faacb1d\" data-element_type=\"widget\" data-widget_type=\"text-editor.default\">\n\t\t\t\t<div class=\"elementor-widget-container\">\n\t\t\t\t\t\t\t\t\t<p>email<\/p>\t\t\t\t\t\t\t\t<\/div>\n\t\t\t\t<\/div>\n\t\t\t\t<div class=\"elementor-element elementor-element-34025d12 elementor-widget elementor-widget-text-editor\" data-id=\"34025d12\" data-element_type=\"widget\" data-widget_type=\"text-editor.default\">\n\t\t\t\t<div class=\"elementor-widget-container\">\n\t\t\t\t\t\t\t\t\t<a class=\"footer\" href=\"mailto:mm@almieres.com\">mm@almieres.com<\/a>\t\t\t\t\t\t\t\t<\/div>\n\t\t\t\t<\/div>\n\t\t\t\t<div class=\"elementor-element elementor-element-1c6ab5c6 elementor-widget elementor-widget-text-editor\" data-id=\"1c6ab5c6\" data-element_type=\"widget\" data-widget_type=\"text-editor.default\">\n\t\t\t\t<div class=\"elementor-widget-container\">\n\t\t\t\t\t\t\t\t\t<p>renseignements<\/p>\t\t\t\t\t\t\t\t<\/div>\n\t\t\t\t<\/div>\n\t\t\t\t<div class=\"elementor-element elementor-element-a0095a6 elementor-widget elementor-widget-text-editor\" data-id=\"a0095a6\" data-element_type=\"widget\" data-widget_type=\"text-editor.default\">\n\t\t\t\t<div class=\"elementor-widget-container\">\n\t\t\t\t\t\t\t\t\t<a class=\"footer\" href=\"tel:+33695119556\">+33 6 95 11 95 56<\/a>\t\t\t\t\t\t\t\t<\/div>\n\t\t\t\t<\/div>\n\t\t\t\t<div class=\"elementor-element elementor-element-29bcd792 elementor-widget elementor-widget-text-editor\" data-id=\"29bcd792\" data-element_type=\"widget\" data-widget_type=\"text-editor.default\">\n\t\t\t\t<div class=\"elementor-widget-container\">\n\t\t\t\t\t\t\t\t\t<a class=\"footer\" href=\"tel:+33695878759\">+33 6 95 87 87 59<\/a>\t\t\t\t\t\t\t\t<\/div>\n\t\t\t\t<\/div>\n\t\t\t\t<div class=\"elementor-element elementor-element-5b20870d elementor-widget elementor-widget-text-editor\" data-id=\"5b20870d\" data-element_type=\"widget\" data-widget_type=\"text-editor.default\">\n\t\t\t\t<div class=\"elementor-widget-container\">\n\t\t\t\t\t\t\t\t\t<p>Instagram<\/p>\t\t\t\t\t\t\t\t<\/div>\n\t\t\t\t<\/div>\n\t\t\t\t<div class=\"elementor-element elementor-element-ae21e80 elementor-widget elementor-widget-text-editor\" data-id=\"ae21e80\" data-element_type=\"widget\" data-widget_type=\"text-editor.default\">\n\t\t\t\t<div class=\"elementor-widget-container\">\n\t\t\t\t\t\t\t\t\t<a class=\"footer\" href=\"https:\/\/www.instagram.com\/almieresretreat\/\" target=\"_blank\" rel=\"noopener\">almieresretreat<\/a>\t\t\t\t\t\t\t\t<\/div>\n\t\t\t\t<\/div>\n\t\t\t\t\t<\/div>\n\t\t<\/div>\n\t\t\t\t<div class=\"elementor-column elementor-col-20 elementor-inner-column elementor-element elementor-element-4f2a23af\" data-id=\"4f2a23af\" data-element_type=\"column\">\n\t\t\t<div class=\"elementor-widget-wrap elementor-element-populated\">\n\t\t\t\t\t\t<div class=\"elementor-element elementor-element-2eb1f542 elementor-widget elementor-widget-image\" data-id=\"2eb1f542\" data-element_type=\"widget\" data-widget_type=\"image.default\">\n\t\t\t\t<div class=\"elementor-widget-container\">\n\t\t\t\t\t\t\t\t\t\t\t\t\t\t\t<img loading=\"lazy\" decoding=\"async\" width=\"469\" height=\"312\" src=\"https:\/\/almieres.com\/wp-content\/uploads\/2021\/02\/logo-lozere-ecolodge.png\" class=\"attachment-large size-large wp-image-2400\" alt=\"\" srcset=\"https:\/\/almieres.com\/wp-content\/uploads\/2021\/02\/logo-lozere-ecolodge.png 469w, https:\/\/almieres.com\/wp-content\/uploads\/2021\/02\/logo-lozere-ecolodge-300x200.png 300w, https:\/\/almieres.com\/wp-content\/uploads\/2021\/02\/logo-lozere-ecolodge-230x153.png 230w, https:\/\/almieres.com\/wp-content\/uploads\/2021\/02\/logo-lozere-ecolodge-350x233.png 350w\" sizes=\"(max-width: 469px) 100vw, 469px\" \/>\t\t\t\t\t\t\t\t\t\t\t\t\t\t\t<\/div>\n\t\t\t\t<\/div>\n\t\t\t\t\t<\/div>\n\t\t<\/div>\n\t\t\t\t<div class=\"elementor-column elementor-col-20 elementor-inner-column elementor-element elementor-element-42a3e993\" data-id=\"42a3e993\" data-element_type=\"column\">\n\t\t\t<div class=\"elementor-widget-wrap elementor-element-populated\">\n\t\t\t\t\t\t<div class=\"elementor-element elementor-element-3a61d73d elementor-widget elementor-widget-text-editor\" data-id=\"3a61d73d\" data-element_type=\"widget\" data-widget_type=\"text-editor.default\">\n\t\t\t\t<div class=\"elementor-widget-container\">\n\t\t\t\t\t\t\t\t\t<a class=\"footer\" style=\"color: white;\" href=\"https:\/\/almieres.com\/contact\/#situer\">Acc\u00e8s<\/a>\t\t\t\t\t\t\t\t<\/div>\n\t\t\t\t<\/div>\n\t\t\t\t<div class=\"elementor-element elementor-element-1dcdd8df elementor-widget elementor-widget-text-editor\" data-id=\"1dcdd8df\" data-element_type=\"widget\" data-widget_type=\"text-editor.default\">\n\t\t\t\t<div class=\"elementor-widget-container\">\n\t\t\t\t\t\t\t\t\t<p>Almi\u00e8res Retreat<br \/>4039 route de Dolan<br \/>48500 Massegros Causses Gorges<\/p>\t\t\t\t\t\t\t\t<\/div>\n\t\t\t\t<\/div>\n\t\t\t\t<div class=\"elementor-element elementor-element-37702123 elementor-widget elementor-widget-text-editor\" data-id=\"37702123\" data-element_type=\"widget\" data-widget_type=\"text-editor.default\">\n\t\t\t\t<div class=\"elementor-widget-container\">\n\t\t\t\t\t\t\t\t\t<p><a class=\"footer\" style=\"color: white;\" href=\"https:\/\/almieres.com\/fr_fr\/vos-hotes-marise-et-monia\/\">Vos H\u00f4tes<\/a><\/p>\t\t\t\t\t\t\t\t<\/div>\n\t\t\t\t<\/div>\n\t\t\t\t\t<\/div>\n\t\t<\/div>\n\t\t\t\t<div class=\"elementor-column elementor-col-20 elementor-inner-column elementor-element elementor-element-2767d922 elementor-hidden-tablet\" data-id=\"2767d922\" data-element_type=\"column\">\n\t\t\t<div class=\"elementor-widget-wrap\">\n\t\t\t\t\t\t\t<\/div>\n\t\t<\/div>\n\t\t\t\t\t<\/div>\n\t\t<\/section>\n\t\t\t\t<section class=\"elementor-section elementor-inner-section elementor-element elementor-element-4ccfd5ea elementor-section-full_width elementor-section-height-default elementor-section-height-default\" data-id=\"4ccfd5ea\" data-element_type=\"section\">\n\t\t\t\t\t\t<div class=\"elementor-container elementor-column-gap-default\">\n\t\t\t\t\t<div class=\"elementor-column elementor-col-100 elementor-inner-column elementor-element elementor-element-706bd24a\" data-id=\"706bd24a\" data-element_type=\"column\" data-settings=\"{&quot;background_background&quot;:&quot;classic&quot;}\">\n\t\t\t<div class=\"elementor-widget-wrap elementor-element-populated\">\n\t\t\t\t\t\t<div class=\"elementor-element elementor-element-43ae26a3 elementor-widget elementor-widget-html\" data-id=\"43ae26a3\" data-element_type=\"widget\" data-widget_type=\"html.default\">\n\t\t\t\t<div class=\"elementor-widget-container\">\n\t\t\t\t\t<div style=\"color:white;font-size:19px;text-align:center;\"><a href=\"https:\/\/almieres.com\/mentions-legales\" style=\"color:white;font-size:19px;\">mentions l\u00e9gales - <\/a>cr\u00e9ation - <a href=\"http:\/\/lovemyname.fr\/\" target=\"_blank\" style=\"color:white;font-size:19px;\">love my name<\/a><\/div>\t\t\t\t<\/div>\n\t\t\t\t<\/div>\n\t\t\t\t\t<\/div>\n\t\t<\/div>\n\t\t\t\t\t<\/div>\n\t\t<\/section>\n\t\t\t\t\t<\/div>\n\t\t<\/div>\n\t\t\t\t\t<\/div>\n\t\t<\/section>\n\t\t\t\t<section class=\"elementor-section elementor-top-section elementor-element elementor-element-56f52814 elementor-section-full_width elementor-hidden-desktop elementor-hidden-tablet elementor-section-height-default elementor-section-height-default\" data-id=\"56f52814\" data-element_type=\"section\" data-settings=\"{&quot;background_background&quot;:&quot;classic&quot;}\">\n\t\t\t\t\t\t<div class=\"elementor-container elementor-column-gap-default\">\n\t\t\t\t\t<div class=\"elementor-column elementor-col-100 elementor-top-column elementor-element elementor-element-1d87ebda\" data-id=\"1d87ebda\" data-element_type=\"column\">\n\t\t\t<div class=\"elementor-widget-wrap elementor-element-populated\">\n\t\t\t\t\t\t<div class=\"elementor-element elementor-element-73f9415c elementor-widget elementor-widget-spacer\" data-id=\"73f9415c\" data-element_type=\"widget\" data-widget_type=\"spacer.default\">\n\t\t\t\t<div class=\"elementor-widget-container\">\n\t\t\t\t\t\t\t<div class=\"elementor-spacer\">\n\t\t\t<div class=\"elementor-spacer-inner\"><\/div>\n\t\t<\/div>\n\t\t\t\t\t\t<\/div>\n\t\t\t\t<\/div>\n\t\t\t\t<section class=\"elementor-section elementor-inner-section elementor-element elementor-element-735e18c2 elementor-section-boxed elementor-section-height-default elementor-section-height-default\" data-id=\"735e18c2\" data-element_type=\"section\">\n\t\t\t\t\t\t<div class=\"elementor-container elementor-column-gap-default\">\n\t\t\t\t\t<div class=\"elementor-column elementor-col-100 elementor-inner-column elementor-element elementor-element-10205688\" data-id=\"10205688\" data-element_type=\"column\">\n\t\t\t<div class=\"elementor-widget-wrap elementor-element-populated\">\n\t\t\t\t\t\t<div class=\"elementor-element elementor-element-6a0cbb93 elementor-widget elementor-widget-image\" data-id=\"6a0cbb93\" data-element_type=\"widget\" data-widget_type=\"image.default\">\n\t\t\t\t<div class=\"elementor-widget-container\">\n\t\t\t\t\t\t\t\t\t\t\t\t\t\t\t<img decoding=\"async\" src=\"https:\/\/almieres.com\/wp-content\/uploads\/elementor\/thumbs\/logo-lozere-ecolodge-p2badjol0fsj6mz40n886b1z18k6nh8ldoukto28dm.png\" title=\"logo-lozere-ecolodge\" alt=\"logo-lozere-ecolodge\" loading=\"lazy\" \/>\t\t\t\t\t\t\t\t\t\t\t\t\t\t\t<\/div>\n\t\t\t\t<\/div>\n\t\t\t\t\t<\/div>\n\t\t<\/div>\n\t\t\t\t\t<\/div>\n\t\t<\/section>\n\t\t\t\t\t<\/div>\n\t\t<\/div>\n\t\t\t\t\t<\/div>\n\t\t<\/section>\n\t\t\t\t<section class=\"elementor-section elementor-top-section elementor-element elementor-element-639e3b30 elementor-hidden-desktop elementor-hidden-tablet elementor-section-boxed elementor-section-height-default elementor-section-height-default\" data-id=\"639e3b30\" data-element_type=\"section\" data-settings=\"{&quot;background_background&quot;:&quot;classic&quot;}\">\n\t\t\t\t\t\t<div class=\"elementor-container elementor-column-gap-default\">\n\t\t\t\t\t<div class=\"elementor-column elementor-col-100 elementor-top-column elementor-element elementor-element-6573ee3a\" data-id=\"6573ee3a\" data-element_type=\"column\">\n\t\t\t<div class=\"elementor-widget-wrap elementor-element-populated\">\n\t\t\t\t\t\t<div class=\"elementor-element elementor-element-2026b146 elementor-widget elementor-widget-text-editor\" data-id=\"2026b146\" data-element_type=\"widget\" data-widget_type=\"text-editor.default\">\n\t\t\t\t<div class=\"elementor-widget-container\">\n\t\t\t\t\t\t\t\t\t<p>email<\/p>\t\t\t\t\t\t\t\t<\/div>\n\t\t\t\t<\/div>\n\t\t\t\t<div class=\"elementor-element elementor-element-5799ff90 elementor-widget elementor-widget-text-editor\" data-id=\"5799ff90\" data-element_type=\"widget\" data-widget_type=\"text-editor.default\">\n\t\t\t\t<div class=\"elementor-widget-container\">\n\t\t\t\t\t\t\t\t\t<a class=\"footer\" href=\"mailto:mm@almieres.com\">mm@almieres.com<\/a>\t\t\t\t\t\t\t\t<\/div>\n\t\t\t\t<\/div>\n\t\t\t\t<div class=\"elementor-element elementor-element-2c4cf93d elementor-widget elementor-widget-text-editor\" data-id=\"2c4cf93d\" data-element_type=\"widget\" data-widget_type=\"text-editor.default\">\n\t\t\t\t<div class=\"elementor-widget-container\">\n\t\t\t\t\t\t\t\t\t<p>renseignements<\/p>\t\t\t\t\t\t\t\t<\/div>\n\t\t\t\t<\/div>\n\t\t\t\t<div class=\"elementor-element elementor-element-261d1d4b elementor-widget elementor-widget-text-editor\" data-id=\"261d1d4b\" data-element_type=\"widget\" data-widget_type=\"text-editor.default\">\n\t\t\t\t<div class=\"elementor-widget-container\">\n\t\t\t\t\t\t\t\t\t<a class=\"footer\" href=\"tel:+33695119556\">+33 6 95 11 95 56<\/a>\t\t\t\t\t\t\t\t<\/div>\n\t\t\t\t<\/div>\n\t\t\t\t<div class=\"elementor-element elementor-element-725c2b18 elementor-widget elementor-widget-text-editor\" data-id=\"725c2b18\" data-element_type=\"widget\" data-widget_type=\"text-editor.default\">\n\t\t\t\t<div class=\"elementor-widget-container\">\n\t\t\t\t\t\t\t\t\t<a class=\"footer\" href=\"tel:+33695878759\">+33 6 95 87 87 59<\/a>\t\t\t\t\t\t\t\t<\/div>\n\t\t\t\t<\/div>\n\t\t\t\t<div class=\"elementor-element elementor-element-755964b1 elementor-widget elementor-widget-text-editor\" data-id=\"755964b1\" data-element_type=\"widget\" data-widget_type=\"text-editor.default\">\n\t\t\t\t<div class=\"elementor-widget-container\">\n\t\t\t\t\t\t\t\t\t<a class=\"footer\" style=\"color: white;\" href=\"https:\/\/almieres.com\/contact\/#situer\">Acc\u00e8s<\/a>\t\t\t\t\t\t\t\t<\/div>\n\t\t\t\t<\/div>\n\t\t\t\t<div class=\"elementor-element elementor-element-340bd2af elementor-widget elementor-widget-text-editor\" data-id=\"340bd2af\" data-element_type=\"widget\" data-widget_type=\"text-editor.default\">\n\t\t\t\t<div class=\"elementor-widget-container\">\n\t\t\t\t\t\t\t\t\t<p>Almi\u00e8res Retreat<br \/>4039 route de Dolan<br \/>48500 Massegros Causses Gorges<\/p>\t\t\t\t\t\t\t\t<\/div>\n\t\t\t\t<\/div>\n\t\t\t\t<div class=\"elementor-element elementor-element-c9a01f5 elementor-widget elementor-widget-text-editor\" data-id=\"c9a01f5\" data-element_type=\"widget\" data-widget_type=\"text-editor.default\">\n\t\t\t\t<div class=\"elementor-widget-container\">\n\t\t\t\t\t\t\t\t\t<p><a class=\"footer\" style=\"color: white;\" href=\"https:\/\/almieres.com\/fr_fr\/vos-hotes-marise-et-monia\/\">Vos H\u00f4tes<\/a><\/p>\t\t\t\t\t\t\t\t<\/div>\n\t\t\t\t<\/div>\n\t\t\t\t<div class=\"elementor-element elementor-element-574792cb elementor-widget elementor-widget-text-editor\" data-id=\"574792cb\" data-element_type=\"widget\" data-widget_type=\"text-editor.default\">\n\t\t\t\t<div class=\"elementor-widget-container\">\n\t\t\t\t\t\t\t\t\t<p>Instagram<\/p>\t\t\t\t\t\t\t\t<\/div>\n\t\t\t\t<\/div>\n\t\t\t\t<div class=\"elementor-element elementor-element-2845c379 elementor-widget elementor-widget-text-editor\" data-id=\"2845c379\" data-element_type=\"widget\" data-widget_type=\"text-editor.default\">\n\t\t\t\t<div class=\"elementor-widget-container\">\n\t\t\t\t\t\t\t\t\t<a class=\"footer\" href=\"https:\/\/www.instagram.com\/almieresretreat\/\" target=\"_blank\" rel=\"noopener\">almieresretreat<\/a>\t\t\t\t\t\t\t\t<\/div>\n\t\t\t\t<\/div>\n\t\t\t\t<div class=\"elementor-element elementor-element-2a0a77d9 elementor-widget elementor-widget-html\" data-id=\"2a0a77d9\" data-element_type=\"widget\" data-widget_type=\"html.default\">\n\t\t\t\t<div class=\"elementor-widget-container\">\n\t\t\t\t\t<div style=\"color:white;font-size:19px;text-align:center;\"><a href=\"https:\/\/almieres.com\/mentions-legales\" style=\"color:white;font-size:19px;\">mentions l\u00e9gales - <\/a>cr\u00e9ation - <a href=\"http:\/\/lovemyname.fr\/\" target=\"_blank\" style=\"color:white;font-size:19px;\">love my name<\/a><\/div>\t\t\t\t<\/div>\n\t\t\t\t<\/div>\n\t\t\t\t\t<\/div>\n\t\t<\/div>\n\t\t\t\t\t<\/div>\n\t\t<\/section>\n\t\t\t\t<\/div>\n\t\t","protected":false},"excerpt":{"rendered":"<p>La presse en parle&#8230; email mm@almieres.com renseignements +33 6 95 11 95 56+33 6 95 87 87 59 Instagram almieresretreat Acc\u00e8s Almi\u00e8res [&hellip;]<\/p>\n","protected":false},"author":1,"featured_media":8592,"parent":0,"menu_order":0,"comment_status":"closed","ping_status":"closed","template":"page-templates\/page_front-page.php","meta":{"footnotes":""},"class_list":["post-7753","page","type-page","status-publish","has-post-thumbnail","hentry"],"yoast_head":"<!-- This site is optimized with the Yoast SEO plugin v25.5 - https:\/\/yoast.com\/wordpress\/plugins\/seo\/ -->\n<title>La presse parle d&#039;Almi\u00e8res Retreat<\/title>\n<meta name=\"description\" content=\"La presse parle d&#039;Almi\u00e8res Retreat, lieu intimiste pour retraite de Yoga en France. Des s\u00e9jours bien-\u00eatre confidentiels d&#039;exception\" \/>\n<meta name=\"robots\" content=\"index, follow, max-snippet:-1, max-image-preview:large, max-video-preview:-1\" \/>\n<link rel=\"canonical\" href=\"https:\/\/almieres.com\/fr_fr\/presse\/\" \/>\n<meta property=\"og:locale\" content=\"fr_FR\" \/>\n<meta property=\"og:type\" content=\"article\" \/>\n<meta property=\"og:title\" content=\"La presse parle d&#039;Almi\u00e8res Retreat\" \/>\n<meta property=\"og:description\" content=\"La presse parle d&#039;Almi\u00e8res Retreat, lieu intimiste pour retraite de Yoga en France. Des s\u00e9jours bien-\u00eatre confidentiels d&#039;exception\" \/>\n<meta property=\"og:url\" content=\"https:\/\/almieres.com\/fr_fr\/presse\/\" \/>\n<meta property=\"og:site_name\" content=\"Almieres retreat\" \/>\n<meta property=\"article:modified_time\" content=\"2026-03-16T14:40:51+00:00\" \/>\n<meta property=\"og:image\" content=\"https:\/\/almieres.com\/wp-content\/uploads\/2025\/10\/yoga-and-wellness-retreat-in-France_255-1024x568.jpg\" \/>\n\t<meta property=\"og:image:width\" content=\"1024\" \/>\n\t<meta property=\"og:image:height\" content=\"568\" \/>\n\t<meta property=\"og:image:type\" content=\"image\/jpeg\" \/>\n<meta name=\"twitter:card\" content=\"summary_large_image\" \/>\n<meta name=\"twitter:label1\" content=\"Dur\u00e9e de lecture estim\u00e9e\" \/>\n\t<meta name=\"twitter:data1\" content=\"7 minutes\" \/>\n<script type=\"application\/ld+json\" class=\"yoast-schema-graph\">{\"@context\":\"https:\/\/schema.org\",\"@graph\":[{\"@type\":\"WebPage\",\"@id\":\"https:\/\/almieres.com\/fr_fr\/presse\/\",\"url\":\"https:\/\/almieres.com\/fr_fr\/presse\/\",\"name\":\"La presse parle d'Almi\u00e8res Retreat\",\"isPartOf\":{\"@id\":\"https:\/\/almieres.com\/#website\"},\"primaryImageOfPage\":{\"@id\":\"https:\/\/almieres.com\/fr_fr\/presse\/#primaryimage\"},\"image\":{\"@id\":\"https:\/\/almieres.com\/fr_fr\/presse\/#primaryimage\"},\"thumbnailUrl\":\"https:\/\/almieres.com\/wp-content\/uploads\/2025\/10\/yoga-and-wellness-retreat-in-France_255.jpg\",\"datePublished\":\"2025-08-06T08:14:38+00:00\",\"dateModified\":\"2026-03-16T14:40:51+00:00\",\"description\":\"La presse parle d'Almi\u00e8res Retreat, lieu intimiste pour retraite de Yoga en France. Des s\u00e9jours bien-\u00eatre confidentiels d'exception\",\"breadcrumb\":{\"@id\":\"https:\/\/almieres.com\/fr_fr\/presse\/#breadcrumb\"},\"inLanguage\":\"fr-FR\",\"potentialAction\":[{\"@type\":\"ReadAction\",\"target\":[\"https:\/\/almieres.com\/fr_fr\/presse\/\"]}]},{\"@type\":\"ImageObject\",\"inLanguage\":\"fr-FR\",\"@id\":\"https:\/\/almieres.com\/fr_fr\/presse\/#primaryimage\",\"url\":\"https:\/\/almieres.com\/wp-content\/uploads\/2025\/10\/yoga-and-wellness-retreat-in-France_255.jpg\",\"contentUrl\":\"https:\/\/almieres.com\/wp-content\/uploads\/2025\/10\/yoga-and-wellness-retreat-in-France_255.jpg\",\"width\":2540,\"height\":1408,\"caption\":\"Gorges du Tarn: luxury yoga and wellness retreat - France Loz\u00e8re\"},{\"@type\":\"BreadcrumbList\",\"@id\":\"https:\/\/almieres.com\/fr_fr\/presse\/#breadcrumb\",\"itemListElement\":[{\"@type\":\"ListItem\",\"position\":1,\"name\":\"Accueil\",\"item\":\"https:\/\/almieres.com\/\"},{\"@type\":\"ListItem\",\"position\":2,\"name\":\"Presse\"}]},{\"@type\":\"WebSite\",\"@id\":\"https:\/\/almieres.com\/#website\",\"url\":\"https:\/\/almieres.com\/\",\"name\":\"Almieres retreat\",\"description\":\"yoga and wellness retreat\",\"potentialAction\":[{\"@type\":\"SearchAction\",\"target\":{\"@type\":\"EntryPoint\",\"urlTemplate\":\"https:\/\/almieres.com\/?s={search_term_string}\"},\"query-input\":{\"@type\":\"PropertyValueSpecification\",\"valueRequired\":true,\"valueName\":\"search_term_string\"}}],\"inLanguage\":\"fr-FR\"}]}<\/script>\n<!-- \/ Yoast SEO plugin. -->","yoast_head_json":{"title":"La presse parle d'Almi\u00e8res Retreat","description":"La presse parle d'Almi\u00e8res Retreat, lieu intimiste pour retraite de Yoga en France. Des s\u00e9jours bien-\u00eatre confidentiels d'exception","robots":{"index":"index","follow":"follow","max-snippet":"max-snippet:-1","max-image-preview":"max-image-preview:large","max-video-preview":"max-video-preview:-1"},"canonical":"https:\/\/almieres.com\/fr_fr\/presse\/","og_locale":"fr_FR","og_type":"article","og_title":"La presse parle d'Almi\u00e8res Retreat","og_description":"La presse parle d'Almi\u00e8res Retreat, lieu intimiste pour retraite de Yoga en France. Des s\u00e9jours bien-\u00eatre confidentiels d'exception","og_url":"https:\/\/almieres.com\/fr_fr\/presse\/","og_site_name":"Almieres retreat","article_modified_time":"2026-03-16T14:40:51+00:00","og_image":[{"width":1024,"height":568,"url":"https:\/\/almieres.com\/wp-content\/uploads\/2025\/10\/yoga-and-wellness-retreat-in-France_255-1024x568.jpg","type":"image\/jpeg"}],"twitter_card":"summary_large_image","twitter_misc":{"Dur\u00e9e de lecture estim\u00e9e":"7 minutes"},"schema":{"@context":"https:\/\/schema.org","@graph":[{"@type":"WebPage","@id":"https:\/\/almieres.com\/fr_fr\/presse\/","url":"https:\/\/almieres.com\/fr_fr\/presse\/","name":"La presse parle d'Almi\u00e8res Retreat","isPartOf":{"@id":"https:\/\/almieres.com\/#website"},"primaryImageOfPage":{"@id":"https:\/\/almieres.com\/fr_fr\/presse\/#primaryimage"},"image":{"@id":"https:\/\/almieres.com\/fr_fr\/presse\/#primaryimage"},"thumbnailUrl":"https:\/\/almieres.com\/wp-content\/uploads\/2025\/10\/yoga-and-wellness-retreat-in-France_255.jpg","datePublished":"2025-08-06T08:14:38+00:00","dateModified":"2026-03-16T14:40:51+00:00","description":"La presse parle d'Almi\u00e8res Retreat, lieu intimiste pour retraite de Yoga en France. Des s\u00e9jours bien-\u00eatre confidentiels d'exception","breadcrumb":{"@id":"https:\/\/almieres.com\/fr_fr\/presse\/#breadcrumb"},"inLanguage":"fr-FR","potentialAction":[{"@type":"ReadAction","target":["https:\/\/almieres.com\/fr_fr\/presse\/"]}]},{"@type":"ImageObject","inLanguage":"fr-FR","@id":"https:\/\/almieres.com\/fr_fr\/presse\/#primaryimage","url":"https:\/\/almieres.com\/wp-content\/uploads\/2025\/10\/yoga-and-wellness-retreat-in-France_255.jpg","contentUrl":"https:\/\/almieres.com\/wp-content\/uploads\/2025\/10\/yoga-and-wellness-retreat-in-France_255.jpg","width":2540,"height":1408,"caption":"Gorges du Tarn: luxury yoga and wellness retreat - France Loz\u00e8re"},{"@type":"BreadcrumbList","@id":"https:\/\/almieres.com\/fr_fr\/presse\/#breadcrumb","itemListElement":[{"@type":"ListItem","position":1,"name":"Accueil","item":"https:\/\/almieres.com\/"},{"@type":"ListItem","position":2,"name":"Presse"}]},{"@type":"WebSite","@id":"https:\/\/almieres.com\/#website","url":"https:\/\/almieres.com\/","name":"Almieres retreat","description":"yoga and wellness retreat","potentialAction":[{"@type":"SearchAction","target":{"@type":"EntryPoint","urlTemplate":"https:\/\/almieres.com\/?s={search_term_string}"},"query-input":{"@type":"PropertyValueSpecification","valueRequired":true,"valueName":"search_term_string"}}],"inLanguage":"fr-FR"}]}},"_links":{"self":[{"href":"https:\/\/almieres.com\/fr_fr\/wp-json\/wp\/v2\/pages\/7753","targetHints":{"allow":["GET"]}}],"collection":[{"href":"https:\/\/almieres.com\/fr_fr\/wp-json\/wp\/v2\/pages"}],"about":[{"href":"https:\/\/almieres.com\/fr_fr\/wp-json\/wp\/v2\/types\/page"}],"author":[{"embeddable":true,"href":"https:\/\/almieres.com\/fr_fr\/wp-json\/wp\/v2\/users\/1"}],"replies":[{"embeddable":true,"href":"https:\/\/almieres.com\/fr_fr\/wp-json\/wp\/v2\/comments?post=7753"}],"version-history":[{"count":127,"href":"https:\/\/almieres.com\/fr_fr\/wp-json\/wp\/v2\/pages\/7753\/revisions"}],"predecessor-version":[{"id":8993,"href":"https:\/\/almieres.com\/fr_fr\/wp-json\/wp\/v2\/pages\/7753\/revisions\/8993"}],"wp:featuredmedia":[{"embeddable":true,"href":"https:\/\/almieres.com\/fr_fr\/wp-json\/wp\/v2\/media\/8592"}],"wp:attachment":[{"href":"https:\/\/almieres.com\/fr_fr\/wp-json\/wp\/v2\/media?parent=7753"}],"curies":[{"name":"wp","href":"https:\/\/api.w.org\/{rel}","templated":true}]}}